{"id":8452,"date":"2026-04-17T13:26:58","date_gmt":"2026-04-17T11:26:58","guid":{"rendered":"https:\/\/www.haus-des-erinnerns-mainz.de\/?post_type=tribe_events&#038;p=8452"},"modified":"2026-04-17T13:27:36","modified_gmt":"2026-04-17T11:27:36","slug":"8452","status":"publish","type":"tribe_events","link":"https:\/\/www.haus-des-erinnerns-mainz.de\/index.php\/veranstaltung\/8452\/","title":{"rendered":"Ausstellungser\u00f6ffnung | J\u00fcdische Juristinnen und Juristinnen j\u00fcdischer Herkunft"},"content":{"rendered":"<p>Die Wanderausstellung des Deutschen Juristinnenbundes zum Thema \u201eJ\u00fcdische Juristinnen und Juristinnen j\u00fcdischer Herkunft\u201c portr\u00e4tiert 17 Frauen, die viele weitere j\u00fcdische oder von den<br \/>\nNationalsozialisten als j\u00fcdisch verfolgte Juristinnen der ersten Juristinnengeneration repr\u00e4sentieren.<br \/>\nErg\u00e4nzt werden die Biografien durch Tafeln u.a. mit Erl\u00e4uterungen zur Zulassung von Frauen zu den<br \/>\njuristischen Berufen, zur Gr\u00fcndung des Deutschen Juristinnenvereins 1914, zu Berufsverboten, Vertreibung, Ermordung, Exil, Remigration und Restitution.<\/p>\n<p>Die Juristinnen haben sich ihr Jurastudium, den Abschluss mit dem Zweiten Staatsexamen und ihre<br \/>\njuristische Berufst\u00e4tigkeit in Deutschland oft hart und noch in h\u00f6herem Alter erk\u00e4mpft und ein paar<br \/>\nJahre sp\u00e4ter alles wieder verloren. Die Ausstellung folgt dem Leben und Wirken einige dieser<br \/>\nJuristinnen. \u00dcber die Erinnerung an Einzelschicksale hinaus zeigt sie die wichtige Rolle dieser Frauen in<br \/>\nder Weimarer Republik f\u00fcr das Entstehen der Demokratie auf, weist auf ihren Anteil beim Entstehen des Feldes der sozialen Arbeit hin und auf ihren Anteil beim Kampf der Frauen um gleiche Rechte.<\/p>\n<p>Die Ausstellung wird in Mainz bis zum 29. Mai 2026 an zwei Orten zu sehen sein: Ein Teil mit einf\u00fchrenden Texten und einigen Biografien auf dem Campus der Johannes Gutenberg-Universit\u00e4t Mainz im Foyer des Hauses Recht und Wirtschaft I (Jakob-Welder-Weg 9) und ein zweiter Teil \u2013 vor allem mit Biografien \u2013 im Haus des Erinnerns \u2013 f\u00fcr Demokratie und Akzeptanz.<\/p>\n<p>Anmeldung zur Ausstellungser\u00f6ffnung erforderlich bis 24. April 2026 per Mail: <a href=\"mailto:fb03-sekretariatspool@uni-mainz.de\">fb03-sekretariatspool@uni-mainz.de<\/a> (begrenzte Pl\u00e4tze)<\/p>\n<p><em>Eine Kooperationsveranstaltung mit der Johannes Gutenberg-Universit\u00e4t Mainz und dem Verein f\u00fcr Sozialgeschichte Mainz e.V.<\/em><\/p>\n","protected":false},"excerpt":{"rendered":"<p>Die Wanderausstellung des Deutschen Juristinnenbundes zum Thema \u201eJ\u00fcdische Juristinnen und Juristinnen j\u00fcdischer Herkunft\u201c portr\u00e4tiert 17 Frauen, die viele weitere j\u00fcdische oder von den Nationalsozialisten als j\u00fcdisch verfolgte Juristinnen der ersten Juristinnengeneration repr\u00e4sentieren. Erg\u00e4nzt werden die Biografien durch Tafeln u.a. mit Erl\u00e4uterungen zur Zulassung von Frauen zu den juristischen Berufen, zur&#8230;<\/p>\n<p> <a class=\"continue-reading-link\" href=\"https:\/\/www.haus-des-erinnerns-mainz.de\/index.php\/veranstaltung\/8452\/\"><span>Weiterlesen<\/span><i class=\"crycon-right-dir\"><\/i><\/a> <\/p>\n","protected":false},"author":4,"featured_media":8437,"template":"","meta":{"episode_type":"","audio_file":"","podmotor_file_id":"","podmotor_episode_id":"","cover_image":"","cover_image_id":"","duration":"","filesize":"","filesize_raw":"","date_recorded":"","explicit":"","block":"","ngg_post_thumbnail":0,"_price":"","_stock":"","_tribe_ticket_header":"","_tribe_default_ticket_provider":"","_tribe_ticket_capacity":"0","_ticket_start_date":"","_ticket_end_date":"","_tribe_ticket_show_description":"","_tribe_ticket_show_not_going":false,"_tribe_ticket_use_global_stock":"","_tribe_ticket_global_stock_level":"","_global_stock_mode":"","_global_stock_cap":"","_tribe_rsvp_for_event":"","_tribe_ticket_going_count":"","_tribe_ticket_not_going_count":"","_tribe_tickets_list":"[]","_tribe_ticket_has_attendee_info_fields":false,"_tribe_events_status":"","_tribe_events_status_reason":"","footnotes":"","_tec_slr_enabled":"","_tec_slr_layout":""},"tags":[],"tribe_events_cat":[],"class_list":["post-8452","tribe_events","type-tribe_events","status-publish","has-post-thumbnail","hentry"],"ticketed":false,"_links":{"self":[{"href":"https:\/\/www.haus-des-erinnerns-mainz.de\/index.php\/wp-json\/wp\/v2\/tribe_events\/8452","targetHints":{"allow":["GET"]}}],"collection":[{"href":"https:\/\/www.haus-des-erinnerns-mainz.de\/index.php\/wp-json\/wp\/v2\/tribe_events"}],"about":[{"href":"https:\/\/www.haus-des-erinnerns-mainz.de\/index.php\/wp-json\/wp\/v2\/types\/tribe_events"}],"author":[{"embeddable":true,"href":"https:\/\/www.haus-des-erinnerns-mainz.de\/index.php\/wp-json\/wp\/v2\/users\/4"}],"version-history":[{"count":2,"href":"https:\/\/www.haus-des-erinnerns-mainz.de\/index.php\/wp-json\/wp\/v2\/tribe_events\/8452\/revisions"}],"predecessor-version":[{"id":8455,"href":"https:\/\/www.haus-des-erinnerns-mainz.de\/index.php\/wp-json\/wp\/v2\/tribe_events\/8452\/revisions\/8455"}],"wp:featuredmedia":[{"embeddable":true,"href":"https:\/\/www.haus-des-erinnerns-mainz.de\/index.php\/wp-json\/wp\/v2\/media\/8437"}],"wp:attachment":[{"href":"https:\/\/www.haus-des-erinnerns-mainz.de\/index.php\/wp-json\/wp\/v2\/media?parent=8452"}],"wp:term":[{"taxonomy":"post_tag","embeddable":true,"href":"https:\/\/www.haus-des-erinnerns-mainz.de\/index.php\/wp-json\/wp\/v2\/tags?post=8452"},{"taxonomy":"tribe_events_cat","embeddable":true,"href":"https:\/\/www.haus-des-erinnerns-mainz.de\/index.php\/wp-json\/wp\/v2\/tribe_events_cat?post=8452"}],"curies":[{"name":"wp","href":"https:\/\/api.w.org\/{rel}","templated":true}]}}