{"id":8150,"date":"2025-10-07T13:03:04","date_gmt":"2025-10-07T11:03:04","guid":{"rendered":"https:\/\/www.haus-des-erinnerns-mainz.de\/?post_type=tribe_events&#038;p=8150"},"modified":"2025-11-18T18:48:28","modified_gmt":"2025-11-18T17:48:28","slug":"zweitzeugenschaft-und-ihre-bedeutung-fuer-die-erinnerungsarbeit","status":"publish","type":"tribe_events","link":"https:\/\/www.haus-des-erinnerns-mainz.de\/index.php\/veranstaltung\/zweitzeugenschaft-und-ihre-bedeutung-fuer-die-erinnerungsarbeit\/","title":{"rendered":"Z(w)eitzeugenschaft und ihre Bedeutung f\u00fcr die Erinnerungsarbeit"},"content":{"rendered":"<p>Am 18. November 2025 wollen wir uns gemeinsam mit dem Zweitzeugen Projekt des Bistum Mainz im Haus des Erinnerns \u2013 f\u00fcr Demokratie und Akzeptanz mit der Zweitzeugenschaft als Form der Erinnerungsarbeit besch\u00e4ftigen.<br \/>\nDazu laden wir Lehrkr\u00e4fte und Multiplikator*innen ab 16 Uhr ein. Bei Interesse melden Sie sich mit dem Hinweis auf Ihre Schule oder Institution unter kontakt@hde-mainz.de an. Wir freuen uns auf Ihre Anmeldung.<\/p>\n<p>Der Programmablauf gestaltet sich wie folgt:<\/p>\n<ul>\n<li>Begr\u00fc\u00dfung durch das Bistum Mainz<\/li>\n<li>Begr\u00fc\u00dfung und kurze Einf\u00fchrung in die Angebote des Haus des Erinnerns \u2013 f\u00fcr Demokratie und Akzeptanz<\/li>\n<li>Zweitzeugengespr\u00e4ch mit Dorota Nowakowska, Tochter des Auschwitz-\u00dcberlebenden Jacek Zieliniewicz<\/li>\n<li>Vortrag zur Bedeutung der Zweitzeugenschaft f\u00fcr die Erinnerungsarbeit und die Geschichte der Holocaust-\u00dcberlebenden Henriette Kretz und J\u00f3zefa Posch-Kotyrba durch das Bistum Mainz<\/li>\n<li>Lesung von Reiner Engelmann aus \u201eAlodia, Du bist jetzt Alice\u201c, eine Zweitzeugenerz\u00e4hlung zu Alodia Witaszek-Napiera\u0142a, die als Kind das Jugendverwahrlager Litzmannstadt \u00fcberlebte und \u201azwangsgermanisiert\u2018 zur Adoption nach Deutschland verschleppt wurde<\/li>\n<\/ul>\n<p>Begleitet wird der Abend von Teilen der Ausstellung \u201eKinderraub im NS\u201c.<\/p>\n<p><em>Eine Kooperationsveranstaltung mit dem Bistum Mainz.<\/em><\/p>\n<p>Foto: \u00a9Leon Weintraub: \u00a9 Harald Oppitz\/Maximilian-Kolbe-Werk<\/p>\n","protected":false},"excerpt":{"rendered":"<p>Am 18. November 2025 wollen wir uns gemeinsam mit dem Zweitzeugen Projekt des Bistum Mainz im Haus des Erinnerns \u2013 f\u00fcr Demokratie und Akzeptanz mit der Zweitzeugenschaft als Form der Erinnerungsarbeit besch\u00e4ftigen. Dazu laden wir Lehrkr\u00e4fte und Multiplikator*innen ab 16 Uhr ein. Bei Interesse melden Sie sich mit dem Hinweis&#8230;<\/p>\n<p> <a class=\"continue-reading-link\" href=\"https:\/\/www.haus-des-erinnerns-mainz.de\/index.php\/veranstaltung\/zweitzeugenschaft-und-ihre-bedeutung-fuer-die-erinnerungsarbeit\/\"><span>Weiterlesen<\/span><i class=\"crycon-right-dir\"><\/i><\/a> <\/p>\n","protected":false},"author":4,"featured_media":8151,"template":"","meta":{"episode_type":"","audio_file":"","podmotor_file_id":"","podmotor_episode_id":"","cover_image":"","cover_image_id":"","duration":"","filesize":"","filesize_raw":"","date_recorded":"","explicit":"","block":"","ngg_post_thumbnail":0,"_price":"","_stock":"","_tribe_ticket_header":"","_tribe_default_ticket_provider":"","_tribe_ticket_capacity":"0","_ticket_start_date":"","_ticket_end_date":"","_tribe_ticket_show_description":"","_tribe_ticket_show_not_going":false,"_tribe_ticket_use_global_stock":"","_tribe_ticket_global_stock_level":"","_global_stock_mode":"","_global_stock_cap":"","_tribe_rsvp_for_event":"","_tribe_ticket_going_count":"","_tribe_ticket_not_going_count":"","_tribe_tickets_list":"[]","_tribe_ticket_has_attendee_info_fields":false,"_tribe_events_status":"","_tribe_events_status_reason":"","footnotes":"","_tec_slr_enabled":"","_tec_slr_layout":""},"tags":[],"tribe_events_cat":[592],"class_list":["post-8150","tribe_events","type-tribe_events","status-publish","has-post-thumbnail","hentry","tribe_events_cat-termin-2025","cat_termin-2025"],"ticketed":false,"_links":{"self":[{"href":"https:\/\/www.haus-des-erinnerns-mainz.de\/index.php\/wp-json\/wp\/v2\/tribe_events\/8150","targetHints":{"allow":["GET"]}}],"collection":[{"href":"https:\/\/www.haus-des-erinnerns-mainz.de\/index.php\/wp-json\/wp\/v2\/tribe_events"}],"about":[{"href":"https:\/\/www.haus-des-erinnerns-mainz.de\/index.php\/wp-json\/wp\/v2\/types\/tribe_events"}],"author":[{"embeddable":true,"href":"https:\/\/www.haus-des-erinnerns-mainz.de\/index.php\/wp-json\/wp\/v2\/users\/4"}],"version-history":[{"count":5,"href":"https:\/\/www.haus-des-erinnerns-mainz.de\/index.php\/wp-json\/wp\/v2\/tribe_events\/8150\/revisions"}],"predecessor-version":[{"id":8186,"href":"https:\/\/www.haus-des-erinnerns-mainz.de\/index.php\/wp-json\/wp\/v2\/tribe_events\/8150\/revisions\/8186"}],"wp:featuredmedia":[{"embeddable":true,"href":"https:\/\/www.haus-des-erinnerns-mainz.de\/index.php\/wp-json\/wp\/v2\/media\/8151"}],"wp:attachment":[{"href":"https:\/\/www.haus-des-erinnerns-mainz.de\/index.php\/wp-json\/wp\/v2\/media?parent=8150"}],"wp:term":[{"taxonomy":"post_tag","embeddable":true,"href":"https:\/\/www.haus-des-erinnerns-mainz.de\/index.php\/wp-json\/wp\/v2\/tags?post=8150"},{"taxonomy":"tribe_events_cat","embeddable":true,"href":"https:\/\/www.haus-des-erinnerns-mainz.de\/index.php\/wp-json\/wp\/v2\/tribe_events_cat?post=8150"}],"curies":[{"name":"wp","href":"https:\/\/api.w.org\/{rel}","templated":true}]}}