{"id":8098,"date":"2025-09-12T14:02:32","date_gmt":"2025-09-12T12:02:32","guid":{"rendered":"https:\/\/www.haus-des-erinnerns-mainz.de\/?post_type=tribe_events&#038;p=8098"},"modified":"2025-11-20T15:14:40","modified_gmt":"2025-11-20T14:14:40","slug":"juedischer-jam-junge-juedische-stimmen-ueber-musik-identitaet-und-sichtbarkeit","status":"publish","type":"tribe_events","link":"https:\/\/www.haus-des-erinnerns-mainz.de\/index.php\/veranstaltung\/juedischer-jam-junge-juedische-stimmen-ueber-musik-identitaet-und-sichtbarkeit\/","title":{"rendered":"J\u00fcdischer Jam \u2013 junge j\u00fcdische Stimmen \u00fcber Musik, Identit\u00e4t und Sichtbarkeit"},"content":{"rendered":"<p>J\u00fcdische Stimmen sprechen \u00fcber Musik, Identit\u00e4t und Sichtbarkeit \u2013 pers\u00f6nlich, laut, leise und vielf\u00e4ltig. Musik verbindet, erinnert und bewegt \u2013 und gibt jungen Menschen Raum, sich auszudr\u00fccken. Doch R\u00e4ume werden kleiner oder brechen weg. Zwei j\u00fcdische Menschen geben Einblicke in ihre neue Realit\u00e4t.<\/p>\n<p>Der Abend wird mit einem Inputvortrag von Susanne Benizri-Wedde beginnen, die anschlie\u00dfend in ein Gespr\u00e4ch mit der Rapperin Sharon tritt. Der Abend schlie\u00dft mit einem Auftritt von Sharon.<\/p>\n<p><strong>Susanne Benizri-Wedde<\/strong> ist Erziehungsreferentin und Lehrerin f\u00fcr das Fach j\u00fcdische Religion. Sie engagiert sich in vielen Gremien wie der Kommission f\u00fcr Kinder, Jugend und Familien der Zentralen Wohlfahrtsstelle, in Begegnungsprojekten des Zentralrats und im Expertenrat beim Beauftragten der Landesregierung gegen Antisemitismus Baden-W\u00fcrttemberg. Von ihr stammt die Aussage: \u201eWenn es die Jewrovision nicht g\u00e4be, m\u00fcsste man sie erfinden\u201c, die deutlich macht, wie begeistert sie von diesem Wettbewerb ist und welche Bedeutung sie der Jewrovision f\u00fcr j\u00fcdische Kinder und Jugendliche beimisst.<\/p>\n<p><strong>Sharon<\/strong> ist eine israelische Rapperin, Songwriterin, Moderatorin und Voice Actress deren Musik eine kraftvolle Mischung aus Oldschool-Vibes, pers\u00f6nlichem Ausdruck und klaren Worten ist. Sie schreibt und produziert ihre Songs mit Leidenschaft und einem unersch\u00fctterlichen Sinn f\u00fcr Authentizit\u00e4t \u2013 und das mehrsprachig: vorwiegend auf Englisch, ab und zu auch auf Hebr\u00e4isch und Spanisch. Mit unverwechselbarem Flow bringt die junge MC ihre Skills mit sp\u00fcrbarer Pr\u00e4senz und Haltung auf die B\u00fchne. Als 28-j\u00e4hrige Queer-Feministin steht sie f\u00fcr Empowerment, Selbstliebe und k\u00fcnstlerische Eigenst\u00e4ndigkeit. Ihre Texte sind roh, reflektiert und direkt \u2013 getragen von einem eigenen Sound, der Hip-Hop-Geschichte zitiert.<\/p>\n<p>&nbsp;<\/p>\n<p>Um Anmeldung per Mail an kontakt@hde-mainz.de wird gebeten.<\/p>\n<p>Diese Veranstaltung wird unterst\u00fctzt von der Lottostiftung Rheinland-Pfalz.<\/p>\n<p>&nbsp;<\/p>\n","protected":false},"excerpt":{"rendered":"<p>J\u00fcdische Stimmen sprechen \u00fcber Musik, Identit\u00e4t und Sichtbarkeit \u2013 pers\u00f6nlich, laut, leise und vielf\u00e4ltig. Musik verbindet, erinnert und bewegt \u2013 und gibt jungen Menschen Raum, sich auszudr\u00fccken. Doch R\u00e4ume werden kleiner oder brechen weg. Zwei j\u00fcdische Menschen geben Einblicke in ihre neue Realit\u00e4t. Der Abend wird mit einem Inputvortrag von&#8230;<\/p>\n<p> <a class=\"continue-reading-link\" href=\"https:\/\/www.haus-des-erinnerns-mainz.de\/index.php\/veranstaltung\/juedischer-jam-junge-juedische-stimmen-ueber-musik-identitaet-und-sichtbarkeit\/\"><span>Weiterlesen<\/span><i class=\"crycon-right-dir\"><\/i><\/a> <\/p>\n","protected":false},"author":4,"featured_media":0,"template":"","meta":{"episode_type":"","audio_file":"","podmotor_file_id":"","podmotor_episode_id":"","cover_image":"","cover_image_id":"","duration":"","filesize":"","filesize_raw":"","date_recorded":"","explicit":"","block":"","ngg_post_thumbnail":0,"_price":"","_stock":"","_tribe_ticket_header":"","_tribe_default_ticket_provider":"","_tribe_ticket_capacity":"0","_ticket_start_date":"","_ticket_end_date":"","_tribe_ticket_show_description":"","_tribe_ticket_show_not_going":false,"_tribe_ticket_use_global_stock":"","_tribe_ticket_global_stock_level":"","_global_stock_mode":"","_global_stock_cap":"","_tribe_rsvp_for_event":"","_tribe_ticket_going_count":"","_tribe_ticket_not_going_count":"","_tribe_tickets_list":"[]","_tribe_ticket_has_attendee_info_fields":false,"_tribe_events_status":"","_tribe_events_status_reason":"","footnotes":"","_tec_slr_enabled":"","_tec_slr_layout":""},"tags":[],"tribe_events_cat":[592],"class_list":["post-8098","tribe_events","type-tribe_events","status-publish","hentry","tribe_events_cat-termin-2025","cat_termin-2025"],"ticketed":false,"_links":{"self":[{"href":"https:\/\/www.haus-des-erinnerns-mainz.de\/index.php\/wp-json\/wp\/v2\/tribe_events\/8098","targetHints":{"allow":["GET"]}}],"collection":[{"href":"https:\/\/www.haus-des-erinnerns-mainz.de\/index.php\/wp-json\/wp\/v2\/tribe_events"}],"about":[{"href":"https:\/\/www.haus-des-erinnerns-mainz.de\/index.php\/wp-json\/wp\/v2\/types\/tribe_events"}],"author":[{"embeddable":true,"href":"https:\/\/www.haus-des-erinnerns-mainz.de\/index.php\/wp-json\/wp\/v2\/users\/4"}],"version-history":[{"count":5,"href":"https:\/\/www.haus-des-erinnerns-mainz.de\/index.php\/wp-json\/wp\/v2\/tribe_events\/8098\/revisions"}],"predecessor-version":[{"id":8200,"href":"https:\/\/www.haus-des-erinnerns-mainz.de\/index.php\/wp-json\/wp\/v2\/tribe_events\/8098\/revisions\/8200"}],"wp:attachment":[{"href":"https:\/\/www.haus-des-erinnerns-mainz.de\/index.php\/wp-json\/wp\/v2\/media?parent=8098"}],"wp:term":[{"taxonomy":"post_tag","embeddable":true,"href":"https:\/\/www.haus-des-erinnerns-mainz.de\/index.php\/wp-json\/wp\/v2\/tags?post=8098"},{"taxonomy":"tribe_events_cat","embeddable":true,"href":"https:\/\/www.haus-des-erinnerns-mainz.de\/index.php\/wp-json\/wp\/v2\/tribe_events_cat?post=8098"}],"curies":[{"name":"wp","href":"https:\/\/api.w.org\/{rel}","templated":true}]}}