{"id":7597,"date":"2024-10-30T14:25:16","date_gmt":"2024-10-30T13:25:16","guid":{"rendered":"https:\/\/www.haus-des-erinnerns-mainz.de\/?post_type=tribe_events&#038;p=7597"},"modified":"2024-10-30T14:25:16","modified_gmt":"2024-10-30T13:25:16","slug":"1989-das-jahr-beginnt-lesung-und-gespraech","status":"publish","type":"tribe_events","link":"https:\/\/www.haus-des-erinnerns-mainz.de\/index.php\/veranstaltung\/1989-das-jahr-beginnt-lesung-und-gespraech\/","title":{"rendered":"\u201e1989 \u2013 Das Jahr beginnt\u201c | Lesung und Gespr\u00e4ch"},"content":{"rendered":"<p><img loading=\"lazy\" decoding=\"async\" class=\"size-medium wp-image-7545 alignleft\" src=\"https:\/\/www.haus-des-erinnerns-mainz.de\/wp-content\/uploads\/2024\/10\/1989_Das_Jahr_beginnt-202x300.jpg\" alt=\"\" width=\"202\" height=\"300\" srcset=\"https:\/\/www.haus-des-erinnerns-mainz.de\/wp-content\/uploads\/2024\/10\/1989_Das_Jahr_beginnt-202x300.jpg 202w, https:\/\/www.haus-des-erinnerns-mainz.de\/wp-content\/uploads\/2024\/10\/1989_Das_Jahr_beginnt-768x1143.jpg 768w, https:\/\/www.haus-des-erinnerns-mainz.de\/wp-content\/uploads\/2024\/10\/1989_Das_Jahr_beginnt-101x150.jpg 101w, https:\/\/www.haus-des-erinnerns-mainz.de\/wp-content\/uploads\/2024\/10\/1989_Das_Jahr_beginnt.jpg 1008w\" sizes=\"auto, (max-width: 202px) 100vw, 202px\" \/>\u201e1989 \u2013 Das Jahr beginnt\u201c erz\u00e4hlt vom Freiheitskampf der 1989er Zeitenwende in Ungarn und den beiden deutschen Staaten \u2013 aber nicht vom (bekannten) Ende her: Es f\u00fchrt durch wechselnde Ereignisse und Perspektiven in die damalige Zeit hinein. Vom frenetischen Beifall beim Wiener Neujahrskonzert f\u00fcr die \u201eedle ungarische Nation\u201c \u00fcber die propaganda-trockenen Neujahrsgr\u00fc\u00dfe eines Erich Honecker, bis<br \/>\nhin zu dem merkw\u00fcrdigen Wunsch von Bundeskanzler Kohl, die Bundesrepublikaner m\u00f6gen \u201emehr Freude\u201c haben; von den Inaugurationsworten des neu gew\u00e4hlten US-Pr\u00e4sidenten, die sich bald schon als prophetisch erweisen werden (\u201efreedom works\u201c), bis hin zu den t\u00f6dlichen Fluchtversuchen an der Berliner Mauer, so vielf\u00e4ltig ist das Archivmaterial, das Zsuzsa Breier kunstvoll zu einer neuen Geschichte der Wendezeit verwebt. Der Fokus liegt auf dem Alltag zweier unterdr\u00fcckter und einer freien Gesellschaft. So gibt die Autorin den Blick frei f\u00fcr die Mechanismen von Demokratie und Diktatur, die wir angesichts der versuchten R\u00fcckabwicklung der Ordnung von 1989 erneut wirken sehen.<\/p>\n<p>Im Anschluss an die Lesung mit Autorin Dr. Zsuzsa Breier findet ein Gespr\u00e4ch zwischen ihr und Prof. Dr. Andreas R\u00f6dder statt.<\/p>\n<p>Dr. Zsuzsa Breier Staatssekret\u00e4rin a. D. ist in Budapest geboren und erlebte das Jahr 1989 in Ungarn. Sie promovierte \u00fcber Max Frisch, forscht zur deutschsprachigen Nachkriegsliteratur, initiierte und leitete der<br \/>\nKulturjahr der Zehn und war Staatssekret\u00e4rin f\u00fcr Europaangelegenheiten in der Hessischen Landesregierung. Seit 2016 ist sie freie Autorin und Publizistin und lebt in Berlin.<\/p>\n<p class=\"p2b contact-event\">Prof. Dr. Andreas R\u00f6dder ist seit 2005 ordentlicher Professor f\u00fcr Neueste Geschichte an der Johannes Gutenberg-Universit\u00e4t Mainz. Er ver\u00f6ffentlichte u. a. die B\u00fccher: \u201eDeutschland einig Vaterland\u201c zur Geschichte der deutschen Einheit und \u201eDer verlorene Frieden. Vom Fall der Mauer zum neuen Ost-West-Konflikt\u201c (2024).<\/p>\n<p>Um Anmeldung \u00fcber folgenden <a href=\"https:\/\/shop.freiheit.org\/#Buchung\/DRG5N\">Link<\/a> auf der Website der Friedrich-Naumann-Stiftung wird gebeten.<\/p>\n<p><em>Eine Kooperationsveranstaltung mit der Friedrich-Naumann-Stiftung.<\/em><\/p>\n","protected":false},"excerpt":{"rendered":"<p>\u201e1989 \u2013 Das Jahr beginnt\u201c erz\u00e4hlt vom Freiheitskampf der 1989er Zeitenwende in Ungarn und den beiden deutschen Staaten \u2013 aber nicht vom (bekannten) Ende her: Es f\u00fchrt durch wechselnde Ereignisse und Perspektiven in die damalige Zeit hinein. Vom frenetischen Beifall beim Wiener Neujahrskonzert f\u00fcr die \u201eedle ungarische Nation\u201c \u00fcber die&#8230;<\/p>\n<p> <a class=\"continue-reading-link\" href=\"https:\/\/www.haus-des-erinnerns-mainz.de\/index.php\/veranstaltung\/1989-das-jahr-beginnt-lesung-und-gespraech\/\"><span>Weiterlesen<\/span><i class=\"crycon-right-dir\"><\/i><\/a> <\/p>\n","protected":false},"author":4,"featured_media":0,"template":"","meta":{"episode_type":"","audio_file":"","podmotor_file_id":"","podmotor_episode_id":"","cover_image":"","cover_image_id":"","duration":"","filesize":"","filesize_raw":"","date_recorded":"","explicit":"","block":"","ngg_post_thumbnail":0,"_price":"","_stock":"","_tribe_ticket_header":"","_tribe_default_ticket_provider":"","_tribe_ticket_capacity":"0","_ticket_start_date":"","_ticket_end_date":"","_tribe_ticket_show_description":"","_tribe_ticket_show_not_going":false,"_tribe_ticket_use_global_stock":"","_tribe_ticket_global_stock_level":"","_global_stock_mode":"","_global_stock_cap":"","_tribe_rsvp_for_event":"","_tribe_ticket_going_count":"","_tribe_ticket_not_going_count":"","_tribe_tickets_list":"[]","_tribe_ticket_has_attendee_info_fields":false,"_tribe_events_status":"","_tribe_events_status_reason":"","footnotes":"","_tec_slr_enabled":"","_tec_slr_layout":""},"tags":[],"tribe_events_cat":[519],"class_list":["post-7597","tribe_events","type-tribe_events","status-publish","hentry","tribe_events_cat-termin-2024","cat_termin-2024"],"ticketed":false,"_links":{"self":[{"href":"https:\/\/www.haus-des-erinnerns-mainz.de\/index.php\/wp-json\/wp\/v2\/tribe_events\/7597","targetHints":{"allow":["GET"]}}],"collection":[{"href":"https:\/\/www.haus-des-erinnerns-mainz.de\/index.php\/wp-json\/wp\/v2\/tribe_events"}],"about":[{"href":"https:\/\/www.haus-des-erinnerns-mainz.de\/index.php\/wp-json\/wp\/v2\/types\/tribe_events"}],"author":[{"embeddable":true,"href":"https:\/\/www.haus-des-erinnerns-mainz.de\/index.php\/wp-json\/wp\/v2\/users\/4"}],"version-history":[{"count":2,"href":"https:\/\/www.haus-des-erinnerns-mainz.de\/index.php\/wp-json\/wp\/v2\/tribe_events\/7597\/revisions"}],"predecessor-version":[{"id":7599,"href":"https:\/\/www.haus-des-erinnerns-mainz.de\/index.php\/wp-json\/wp\/v2\/tribe_events\/7597\/revisions\/7599"}],"wp:attachment":[{"href":"https:\/\/www.haus-des-erinnerns-mainz.de\/index.php\/wp-json\/wp\/v2\/media?parent=7597"}],"wp:term":[{"taxonomy":"post_tag","embeddable":true,"href":"https:\/\/www.haus-des-erinnerns-mainz.de\/index.php\/wp-json\/wp\/v2\/tags?post=7597"},{"taxonomy":"tribe_events_cat","embeddable":true,"href":"https:\/\/www.haus-des-erinnerns-mainz.de\/index.php\/wp-json\/wp\/v2\/tribe_events_cat?post=7597"}],"curies":[{"name":"wp","href":"https:\/\/api.w.org\/{rel}","templated":true}]}}