{"id":7517,"date":"2024-10-01T11:59:43","date_gmt":"2024-10-01T09:59:43","guid":{"rendered":"https:\/\/www.haus-des-erinnerns-mainz.de\/?post_type=tribe_events&#038;p=7517"},"modified":"2024-11-06T09:47:25","modified_gmt":"2024-11-06T08:47:25","slug":"mein-bester-freund-wohnt-auf-der-anderen-seite-vortrag-und-musik-mit-stephan-krawczyk","status":"publish","type":"tribe_events","link":"https:\/\/www.haus-des-erinnerns-mainz.de\/index.php\/veranstaltung\/mein-bester-freund-wohnt-auf-der-anderen-seite-vortrag-und-musik-mit-stephan-krawczyk\/","title":{"rendered":"\u201eMein bester Freund wohnt auf der anderen Seite\u201c | Vortrag und Musik mit Stephan Krawczyk"},"content":{"rendered":"<div id=\"attachment_7518\" style=\"width: 310px\" class=\"wp-caption alignnone\"><img loading=\"lazy\" decoding=\"async\" aria-describedby=\"caption-attachment-7518\" class=\"wp-image-7518 size-medium\" title=\"Stepahn Krawczyk \u00a9 Ellen Liebner\" src=\"https:\/\/www.haus-des-erinnerns-mainz.de\/wp-content\/uploads\/2024\/10\/Stephan-Krawczyk-4-300x214.jpg\" alt=\"\" width=\"300\" height=\"214\" srcset=\"https:\/\/www.haus-des-erinnerns-mainz.de\/wp-content\/uploads\/2024\/10\/Stephan-Krawczyk-4-300x214.jpg 300w, https:\/\/www.haus-des-erinnerns-mainz.de\/wp-content\/uploads\/2024\/10\/Stephan-Krawczyk-4-768x549.jpg 768w, https:\/\/www.haus-des-erinnerns-mainz.de\/wp-content\/uploads\/2024\/10\/Stephan-Krawczyk-4-150x107.jpg 150w, https:\/\/www.haus-des-erinnerns-mainz.de\/wp-content\/uploads\/2024\/10\/Stephan-Krawczyk-4.jpg 1512w\" sizes=\"auto, (max-width: 300px) 100vw, 300px\" \/><p id=\"caption-attachment-7518\" class=\"wp-caption-text\">\u00a9 Ellen Liebner<\/p><\/div>\n<p>In seinem Programm \u201eMein bester Freund wohnt auf der anderen Seite\u201c liest Krawczyk aus gleichnamiger Erz\u00e4hlung. Es ist die Geschichte von Simon und Ronald, zwei Siebzehnj\u00e4hrigen, die sich auf der Plattform des Berliner Fernsehturms w\u00e4hrend eines Klassenausflugs kennenlernen und \u00fcber das Interesse an derselben Musik anfreunden. Simon wohnt in West-, Ronald in Ostberlin. Ronalds Vater ist Genosse und Mitarbeiter des Magistrats von Berlin, Hauptstadt der DDR, Simons Vater ist Handwerker in Berlin-Kreuzberg. Wegen seines Vaters darf Ronald keine Westkontakte haben. Trotzdem schreibt er Briefe an Simon, trifft sich heimlich mit ihm in Ost- Berlin. Es hat Konsequenzen f\u00fcr beide\u2026<\/p>\n<p>W\u00e4hrend des 90-min\u00fctigen Vortrags singt Stephan Krawczyk auch einige seiner Lieder, die in der DDR entstanden sind, und kommt mit dem Publikum ins Gespr\u00e4ch. Erg\u00e4nzt wird der Vortrag durch die Vernissage der folgenden Ausstellung:<\/p>\n<p><strong>\u201e\u2026 denen mitzuwirken versagt war.\u201c Ostdeutsche Demokraten in der fr\u00fchen Nachkriegszeit | Vernissage<\/strong><\/p>\n<p>Die Ausstellung <strong>\u201e\u2026 denen mitzuwirken versagt war.\u201c Ostdeutsche Demokraten in der fr\u00fchen Nachkriegszeit <\/strong>erz\u00e4hlt vom Engagement mutiger Menschen, die sich nach 1945 in der sowjetischen Besatzungszone und fr\u00fchen DDR f\u00fcr einen demokratischen Neubeginn einsetzten und daf\u00fcr einen hohen Preis zahlen mussten. Im Jahr 2024 j\u00e4hrt sich die doppelte deutsche Staatsgr\u00fcndung zum 75. Mal. W\u00e4hrend in der Bundesrepublik mit dem am 23. Mai 1949 verk\u00fcndeten Grundgesetz der Grundstein f\u00fcr eine freiheitliche Demokratie gelegt wurde, errichtete die sowjetische Besatzungsmacht in ihrer Zone eine kommunistische Diktatur. Doch auch hier war der Wunsch nach Freiheit, Recht und Demokratie stark.<\/p>\n<p>Die Ausstellung zeigt die exemplarischen Geschichten von 30 mutigen Personen, die sich nach 1945 in der SBZ und fr\u00fchen DDR trotz gro\u00dfer Risiken f\u00fcr einen demokratischen Neubeginn einsetzten \u2013 und daf\u00fcr fast immer einen hohen Preis zahlen mussten. Ihr Engagement und ihr Schicksal werden jeweils mit den einschl\u00e4gigen Grundrechtsartikeln verbunden.<\/p>\n<p>Um Anmeldung per Mail an <a href=\"mailto:kontakt@hde-mainz.de\">kontakt@hde-mainz.de<\/a> wird gebeten.<\/p>\n<p><em>Eine Kooperationsveranstaltung mit der Bundesstiftung zur Aufarbeitung der SED-Diktatur und der Konrad-Adenauer-Stiftung.<\/em><\/p>\n","protected":false},"excerpt":{"rendered":"<p>In seinem Programm \u201eMein bester Freund wohnt auf der anderen Seite\u201c liest Krawczyk aus gleichnamiger Erz\u00e4hlung. Es ist die Geschichte von Simon und Ronald, zwei Siebzehnj\u00e4hrigen, die sich auf der Plattform des Berliner Fernsehturms w\u00e4hrend eines Klassenausflugs kennenlernen und \u00fcber das Interesse an derselben Musik anfreunden. Simon wohnt in West-,&#8230;<\/p>\n<p> <a class=\"continue-reading-link\" href=\"https:\/\/www.haus-des-erinnerns-mainz.de\/index.php\/veranstaltung\/mein-bester-freund-wohnt-auf-der-anderen-seite-vortrag-und-musik-mit-stephan-krawczyk\/\"><span>Weiterlesen<\/span><i class=\"crycon-right-dir\"><\/i><\/a> <\/p>\n","protected":false},"author":4,"featured_media":0,"template":"","meta":{"episode_type":"","audio_file":"","podmotor_file_id":"","podmotor_episode_id":"","cover_image":"","cover_image_id":"","duration":"","filesize":"","filesize_raw":"","date_recorded":"","explicit":"","block":"","ngg_post_thumbnail":0,"_price":"","_stock":"","_tribe_ticket_header":"","_tribe_default_ticket_provider":"","_tribe_ticket_capacity":"0","_ticket_start_date":"","_ticket_end_date":"","_tribe_ticket_show_description":"","_tribe_ticket_show_not_going":false,"_tribe_ticket_use_global_stock":"","_tribe_ticket_global_stock_level":"","_global_stock_mode":"","_global_stock_cap":"","_tribe_rsvp_for_event":"","_tribe_ticket_going_count":"","_tribe_ticket_not_going_count":"","_tribe_tickets_list":"[]","_tribe_ticket_has_attendee_info_fields":false,"_tribe_events_status":"","_tribe_events_status_reason":"","footnotes":"","_tec_slr_enabled":"","_tec_slr_layout":""},"tags":[],"tribe_events_cat":[519],"class_list":["post-7517","tribe_events","type-tribe_events","status-publish","hentry","tribe_events_cat-termin-2024","cat_termin-2024"],"ticketed":false,"_links":{"self":[{"href":"https:\/\/www.haus-des-erinnerns-mainz.de\/index.php\/wp-json\/wp\/v2\/tribe_events\/7517","targetHints":{"allow":["GET"]}}],"collection":[{"href":"https:\/\/www.haus-des-erinnerns-mainz.de\/index.php\/wp-json\/wp\/v2\/tribe_events"}],"about":[{"href":"https:\/\/www.haus-des-erinnerns-mainz.de\/index.php\/wp-json\/wp\/v2\/types\/tribe_events"}],"author":[{"embeddable":true,"href":"https:\/\/www.haus-des-erinnerns-mainz.de\/index.php\/wp-json\/wp\/v2\/users\/4"}],"version-history":[{"count":4,"href":"https:\/\/www.haus-des-erinnerns-mainz.de\/index.php\/wp-json\/wp\/v2\/tribe_events\/7517\/revisions"}],"predecessor-version":[{"id":7611,"href":"https:\/\/www.haus-des-erinnerns-mainz.de\/index.php\/wp-json\/wp\/v2\/tribe_events\/7517\/revisions\/7611"}],"wp:attachment":[{"href":"https:\/\/www.haus-des-erinnerns-mainz.de\/index.php\/wp-json\/wp\/v2\/media?parent=7517"}],"wp:term":[{"taxonomy":"post_tag","embeddable":true,"href":"https:\/\/www.haus-des-erinnerns-mainz.de\/index.php\/wp-json\/wp\/v2\/tags?post=7517"},{"taxonomy":"tribe_events_cat","embeddable":true,"href":"https:\/\/www.haus-des-erinnerns-mainz.de\/index.php\/wp-json\/wp\/v2\/tribe_events_cat?post=7517"}],"curies":[{"name":"wp","href":"https:\/\/api.w.org\/{rel}","templated":true}]}}