{"id":3214,"date":"2021-01-20T13:15:59","date_gmt":"2021-01-20T12:15:59","guid":{"rendered":"https:\/\/www.haus-des-erinnerns-mainz.de\/?post_type=tribe_events&#038;p=3214"},"modified":"2021-02-02T11:50:34","modified_gmt":"2021-02-02T10:50:34","slug":"vortrag-von-der-bunten-vielfalt-juedischen-lebens","status":"publish","type":"tribe_events","link":"https:\/\/www.haus-des-erinnerns-mainz.de\/index.php\/veranstaltung\/vortrag-von-der-bunten-vielfalt-juedischen-lebens\/","title":{"rendered":"ENTF\u00c4LLT: Vortrag \u201eVon der bunten Vielfalt j\u00fcdischen Lebens\u201c"},"content":{"rendered":"<p><strong>\u201eVon der bunten Vielfalt j\u00fcdischen Lebens\u201c \u2013 das neue J\u00fcdische Museum in Frankfurt am Main<\/strong><br \/>\nVortrag und Pr\u00e4sentation von Prof. Dr. Mirjam Wenzel<\/p>\n<p>Das <a href=\"https:\/\/www.juedischesmuseum.de\">J\u00fcdische Museum der Stadt Frankfurt am Main<\/a> ist das \u00e4lteste eigenst\u00e4ndige J\u00fcdische<br \/>\nMuseum der Bundesrepublik Deutschland. Nach f\u00fcnfj\u00e4hriger Bauzeit wurde es am 21. Oktober 2020 wiederer\u00f6ffnet.<br \/>\nIn Ihrem Vortrag stellt Museumsdirektorin Prof. Dr. Mirjam Wenzel das neue Museumskonzept vor, das seit 2016 unter ihrer Leitung grundlegend erneuert wurde. Hell, einladend, wie zwei ge\u00f6ffnete Arme begr\u00fc\u00dfen die beiden Geb\u00e4ude jetzt ihre G\u00e4ste: rechts das renovierte Rothschild Palais und links das moderne Geb\u00e4ude, der \u201eLichtbau\u201c, verbunden \u00fcber ein helles Treppenhaus in der Mitte. \u201eDiese Verbindung von Alt und Neu ist unser Leitmotiv\u201c, erkl\u00e4rt Professor Wenzel die Verbindung der 800-j\u00e4hrigen j\u00fcdischen Geschichte und Kultur mit der Gegenwart der Juden in Frankfurt.<\/p>\n<p>&nbsp;<\/p>\n","protected":false},"excerpt":{"rendered":"<p>\u201eVon der bunten Vielfalt j\u00fcdischen Lebens\u201c \u2013 das neue J\u00fcdische Museum in Frankfurt am Main Vortrag und Pr\u00e4sentation von Prof. Dr. Mirjam Wenzel Das J\u00fcdische Museum der Stadt Frankfurt am Main ist das \u00e4lteste eigenst\u00e4ndige J\u00fcdische Museum der Bundesrepublik Deutschland. Nach f\u00fcnfj\u00e4hriger Bauzeit wurde es am 21. Oktober 2020 wiederer\u00f6ffnet&#8230;.<\/p>\n<p> <a class=\"continue-reading-link\" href=\"https:\/\/www.haus-des-erinnerns-mainz.de\/index.php\/veranstaltung\/vortrag-von-der-bunten-vielfalt-juedischen-lebens\/\"><span>Weiterlesen<\/span><i class=\"crycon-right-dir\"><\/i><\/a> <\/p>\n","protected":false},"author":2,"featured_media":0,"template":"","meta":{"episode_type":"","audio_file":"","podmotor_file_id":"","podmotor_episode_id":"","cover_image":"","cover_image_id":"","duration":"","filesize":"","filesize_raw":"","date_recorded":"","explicit":"","block":"","ngg_post_thumbnail":0,"_price":"","_stock":"","_tribe_ticket_header":"","_tribe_default_ticket_provider":"","_tribe_ticket_capacity":"0","_ticket_start_date":"","_ticket_end_date":"","_tribe_ticket_show_description":"","_tribe_ticket_show_not_going":false,"_tribe_ticket_use_global_stock":"","_tribe_ticket_global_stock_level":"","_global_stock_mode":"","_global_stock_cap":"","_tribe_rsvp_for_event":"","_tribe_ticket_going_count":"","_tribe_ticket_not_going_count":"","_tribe_tickets_list":"[]","_tribe_ticket_has_attendee_info_fields":false,"_tribe_events_status":"","_tribe_events_status_reason":"","footnotes":"","_tec_slr_enabled":"","_tec_slr_layout":""},"tags":[233,230,236,12],"tribe_events_cat":[],"class_list":["post-3214","tribe_events","type-tribe_events","status-publish","hentry","tag-gedenktag","tag-juedische-geschichte","tag-museum","tag-vortrag"],"ticketed":false,"_links":{"self":[{"href":"https:\/\/www.haus-des-erinnerns-mainz.de\/index.php\/wp-json\/wp\/v2\/tribe_events\/3214","targetHints":{"allow":["GET"]}}],"collection":[{"href":"https:\/\/www.haus-des-erinnerns-mainz.de\/index.php\/wp-json\/wp\/v2\/tribe_events"}],"about":[{"href":"https:\/\/www.haus-des-erinnerns-mainz.de\/index.php\/wp-json\/wp\/v2\/types\/tribe_events"}],"author":[{"embeddable":true,"href":"https:\/\/www.haus-des-erinnerns-mainz.de\/index.php\/wp-json\/wp\/v2\/users\/2"}],"version-history":[{"count":4,"href":"https:\/\/www.haus-des-erinnerns-mainz.de\/index.php\/wp-json\/wp\/v2\/tribe_events\/3214\/revisions"}],"predecessor-version":[{"id":3331,"href":"https:\/\/www.haus-des-erinnerns-mainz.de\/index.php\/wp-json\/wp\/v2\/tribe_events\/3214\/revisions\/3331"}],"wp:attachment":[{"href":"https:\/\/www.haus-des-erinnerns-mainz.de\/index.php\/wp-json\/wp\/v2\/media?parent=3214"}],"wp:term":[{"taxonomy":"post_tag","embeddable":true,"href":"https:\/\/www.haus-des-erinnerns-mainz.de\/index.php\/wp-json\/wp\/v2\/tags?post=3214"},{"taxonomy":"tribe_events_cat","embeddable":true,"href":"https:\/\/www.haus-des-erinnerns-mainz.de\/index.php\/wp-json\/wp\/v2\/tribe_events_cat?post=3214"}],"curies":[{"name":"wp","href":"https:\/\/api.w.org\/{rel}","templated":true}]}}