{"id":8404,"date":"2026-03-13T21:26:30","date_gmt":"2026-03-13T20:26:30","guid":{"rendered":"https:\/\/www.haus-des-erinnerns-mainz.de\/?page_id=8404"},"modified":"2026-03-13T21:26:31","modified_gmt":"2026-03-13T20:26:31","slug":"projektforderung","status":"publish","type":"page","link":"https:\/\/www.haus-des-erinnerns-mainz.de\/index.php\/pfd-mainz\/projektforderung\/","title":{"rendered":"Projektf\u00f6rderung in der PfD Mainz"},"content":{"rendered":"\n<br>\n\n\n\n<p>In seiner 3. F\u00f6rderperiode (2025 bis 2032) ist das Bundesprogramm Teil der Strategie &#8222;Gemeinsam f\u00fcr Demokratie und gegen Extremismus &#8211; Strategie der Bundesregierung f\u00fcr eine starke, wehrhafte Demokratie und eine offene und vielf\u00e4ltige Gesellschaft&#8220;. \u00dcber die Partnerschaften f\u00fcr Demokratie werden in diesem Sinne zivilgesellschaftlich und demokratisch aktive Menschen und Organisationen gest\u00e4rkt, die sich in ihrem kommunalen Umfeld f\u00fcr die Demokratie engagieren. Gleichzeitig unterst\u00fctzt die Landeshauptstadt Mainz in dieser Struktur Projekte, die sich f\u00fcr ein respektvolles Zusammenleben, gegen Rechtsextremismus und f\u00fcr eine lebendige Demokratie einsetzen. Innerhalb der Partnerschaft f\u00fcr Demokratie Mainz stehen daher Mittel zur F\u00f6rderung von Projekten externer Dritter zur Verf\u00fcgung, die auf Antrag an externe Veranstalter:innen weitergeleitet werden. &nbsp;&nbsp;<\/p>\n\n\n\n<p><strong>F\u00f6rderantr\u00e4ge f\u00fcr das Jahr 2026 k\u00f6nnen ab sofort bis Freitag, 10. April 2026 beim Kulturamt der Landeshauptstadt Mainz unter <a href=\"mailto:kulturamt@stadt.mainz.de\">kulturamt@stadt.mainz.de<\/a> eingereicht werden.<\/strong>\u00a0Sp\u00e4tere Antr\u00e4ge k\u00f6nnen nach gemeinsamer Abstimmung im Einzelfall eventuell noch ber\u00fccksichtigt werden.<\/p>\n\n\n\n<br>\n\n\n\n<h3 class=\"wp-block-heading\" id=\"bitte-beachten-sie-fuer-die-antragstellung-folgende-vorgaben\">Bitte beachten Sie f\u00fcr die Antragstellung folgende Vorgaben:<\/h3>\n\n\n\n<br>\n\n\n\n<ol class=\"wp-block-list\">\n<li>Vor der Antragstellung ist verbindlich ein Beratungsgespr\u00e4ch mit der Koordinierungs- und Fachstelle zu f\u00fchren, in dem \u00fcber die Konditionen und M\u00f6glichkeiten der F\u00f6rderung informiert wird. Die Koordinierungs- und Fachstelle in der Partnerschaft f\u00fcr Demokratie Mainz ist das Haus des Erinnerns \u2013 f\u00fcr Demokratie und Akzeptanz\u00a0(<a href=\"mailto:info@hde-mainz.de\">info@hde-mainz.de<\/a>)<br><\/li>\n\n\n\n<li>Die Themen f\u00fcr Projekte und Veranstaltungen sind generell offen. Dennoch w\u00e4hlt das Bundesprogramm f\u00fcr jedes Jahr F\u00f6rderthemen aus, die sich an akuten Bedarfen und dem aktuellen Zeitgeschehen orientieren und die priorit\u00e4r aufgegriffen werden sollen. F\u00fcr das Jahr 2026 sind die Jahresthemen:\n<ul class=\"wp-block-list\">\n<li>Extremismuspr\u00e4vention im Netz, bspw. zum Thema Hatespeech<\/li>\n\n\n\n<li>Antisemitismus- und Islamismuspr\u00e4vention<\/li>\n\n\n\n<li>St\u00e4rkung der Extremismuspr\u00e4vention und Demokratiebildung vor Ort\u00a0<\/li>\n\n\n\n<li>Demokratiebildung in der Arbeitswelt und in Unternehmen<\/li>\n<\/ul>\n<\/li>\n<\/ol>\n\n\n\n<p>Idealerweise sollen sich die Veranstaltungen und Projekte gezielt an Kinder, Jugendliche und junge Erwachsene richten.&nbsp;<\/p>\n\n\n\n<p>F\u00fcr die Antragstellung ist der folgende Ablauf im Bundesprogramm vorgegeben: Nach dem verbindlichen Beratungsgespr\u00e4ch mit der Koordinierungs- und Fachstelle werden alle Antr\u00e4ge durch diese gepr\u00fcft, bevor sie beim Federf\u00fchrenden Amt (in Mainz ist dies das Kulturamt der Landeshauptstadt Mainz) eingereicht werden. Danach werden alle Antr\u00e4ge dem zivilgesellschaftlichen B\u00fcndnis der Partnerschaft f\u00fcr Demokratie Mainz zur Beratung vorgelegt und in einem letzten Schritt durch das Bundesprogramm final entschieden.\u00a0<\/p>\n\n\n\n<p>\u25ba F\u00fcr die Antragstellung finden Sie <a href=\"https:\/\/www.haus-des-erinnerns-mainz.de\/wp-content\/uploads\/2026\/03\/PfD-Mainz-Projektantrag-2025.pdf\">hier<\/a> ein <a href=\"https:\/\/www.haus-des-erinnerns-mainz.de\/wp-content\/uploads\/2026\/03\/PfD-Mainz-Projektantrag-2025.pdf\">Antragsformular<\/a> zum <a href=\"https:\/\/www.haus-des-erinnerns-mainz.de\/wp-content\/uploads\/2026\/03\/PfD-Mainz-Projektantrag-2025.pdf\">Download<\/a>.\u00a0<\/p>\n\n\n\n<p>\u25ba Kooperationen mit dem Haus des Erinnerns \u2013 f\u00fcr Demokratie und Akzeptanz f\u00fcr Projekte und Veranstaltungen sind generell m\u00f6glich und werden seitens des Federf\u00fchrenden Amts als Format begr\u00fc\u00dft.\u00a0<\/p>\n\n\n\n<ol start=\"3\" class=\"wp-block-list\"><\/ol>\n","protected":false},"excerpt":{"rendered":"<p>In seiner 3. F\u00f6rderperiode (2025 bis 2032) ist das Bundesprogramm Teil der Strategie &#8222;Gemeinsam f\u00fcr Demokratie und gegen Extremismus &#8211; Strategie der Bundesregierung f\u00fcr eine starke, wehrhafte Demokratie und eine offene und vielf\u00e4ltige Gesellschaft&#8220;. \u00dcber die Partnerschaften f\u00fcr Demokratie werden in diesem Sinne zivilgesellschaftlich und demokratisch aktive Menschen und Organisationen&#8230;<\/p>\n<p> <a class=\"continue-reading-link\" href=\"https:\/\/www.haus-des-erinnerns-mainz.de\/index.php\/pfd-mainz\/projektforderung\/\"><span>Weiterlesen<\/span><i class=\"crycon-right-dir\"><\/i><\/a> <\/p>\n","protected":false},"author":4,"featured_media":0,"parent":8388,"menu_order":0,"comment_status":"closed","ping_status":"closed","template":"","meta":{"episode_type":"","audio_file":"","podmotor_file_id":"","podmotor_episode_id":"","cover_image":"","cover_image_id":"","duration":"","filesize":"","filesize_raw":"","date_recorded":"","explicit":"","block":"","ngg_post_thumbnail":0,"_price":"","_stock":"","_tribe_ticket_header":"","_tribe_default_ticket_provider":"","_tribe_ticket_capacity":"0","_ticket_start_date":"","_ticket_end_date":"","_tribe_ticket_show_description":"","_tribe_ticket_show_not_going":false,"_tribe_ticket_use_global_stock":"","_tribe_ticket_global_stock_level":"","_global_stock_mode":"","_global_stock_cap":"","_tribe_rsvp_for_event":"","_tribe_ticket_going_count":"","_tribe_ticket_not_going_count":"","_tribe_tickets_list":"[]","_tribe_ticket_has_attendee_info_fields":false,"footnotes":"","_tec_slr_enabled":"","_tec_slr_layout":""},"class_list":["post-8404","page","type-page","status-publish","hentry"],"ticketed":false,"_links":{"self":[{"href":"https:\/\/www.haus-des-erinnerns-mainz.de\/index.php\/wp-json\/wp\/v2\/pages\/8404","targetHints":{"allow":["GET"]}}],"collection":[{"href":"https:\/\/www.haus-des-erinnerns-mainz.de\/index.php\/wp-json\/wp\/v2\/pages"}],"about":[{"href":"https:\/\/www.haus-des-erinnerns-mainz.de\/index.php\/wp-json\/wp\/v2\/types\/page"}],"author":[{"embeddable":true,"href":"https:\/\/www.haus-des-erinnerns-mainz.de\/index.php\/wp-json\/wp\/v2\/users\/4"}],"replies":[{"embeddable":true,"href":"https:\/\/www.haus-des-erinnerns-mainz.de\/index.php\/wp-json\/wp\/v2\/comments?post=8404"}],"version-history":[{"count":3,"href":"https:\/\/www.haus-des-erinnerns-mainz.de\/index.php\/wp-json\/wp\/v2\/pages\/8404\/revisions"}],"predecessor-version":[{"id":8408,"href":"https:\/\/www.haus-des-erinnerns-mainz.de\/index.php\/wp-json\/wp\/v2\/pages\/8404\/revisions\/8408"}],"up":[{"embeddable":true,"href":"https:\/\/www.haus-des-erinnerns-mainz.de\/index.php\/wp-json\/wp\/v2\/pages\/8388"}],"wp:attachment":[{"href":"https:\/\/www.haus-des-erinnerns-mainz.de\/index.php\/wp-json\/wp\/v2\/media?parent=8404"}],"curies":[{"name":"wp","href":"https:\/\/api.w.org\/{rel}","templated":true}]}}