{"id":4365,"date":"2021-08-20T11:47:42","date_gmt":"2021-08-20T09:47:42","guid":{"rendered":"https:\/\/www.haus-des-erinnerns-mainz.de\/?page_id=4365"},"modified":"2025-09-12T13:53:34","modified_gmt":"2025-09-12T11:53:34","slug":"stadtrundgaenge","status":"publish","type":"page","link":"https:\/\/www.haus-des-erinnerns-mainz.de\/index.php\/bildungsangebote\/fuer-erwachsenengruppen\/stadtrundgaenge\/","title":{"rendered":""},"content":{"rendered":"\n<figure class=\"wp-block-image size-large\"><img loading=\"lazy\" decoding=\"async\" width=\"4024\" height=\"473\" src=\"https:\/\/www.haus-des-erinnerns-mainz.de\/wp-content\/uploads\/2024\/01\/Header_Ueberschriften_Stadtrundgaenge-4-4024x473.jpg\" alt=\"\" class=\"wp-image-6666\" srcset=\"https:\/\/www.haus-des-erinnerns-mainz.de\/wp-content\/uploads\/2024\/01\/Header_Ueberschriften_Stadtrundgaenge-4-4024x473.jpg 4024w, https:\/\/www.haus-des-erinnerns-mainz.de\/wp-content\/uploads\/2024\/01\/Header_Ueberschriften_Stadtrundgaenge-4-300x35.jpg 300w, https:\/\/www.haus-des-erinnerns-mainz.de\/wp-content\/uploads\/2024\/01\/Header_Ueberschriften_Stadtrundgaenge-4-768x90.jpg 768w, https:\/\/www.haus-des-erinnerns-mainz.de\/wp-content\/uploads\/2024\/01\/Header_Ueberschriften_Stadtrundgaenge-4-1536x181.jpg 1536w, https:\/\/www.haus-des-erinnerns-mainz.de\/wp-content\/uploads\/2024\/01\/Header_Ueberschriften_Stadtrundgaenge-4-2048x241.jpg 2048w, https:\/\/www.haus-des-erinnerns-mainz.de\/wp-content\/uploads\/2024\/01\/Header_Ueberschriften_Stadtrundgaenge-4-150x18.jpg 150w\" sizes=\"auto, (max-width: 4024px) 100vw, 4024px\" \/><\/figure>\n\n\n\n<br>\n\n\n\n<br>\n\n\n\n<figure class=\"wp-block-image size-full\"><img loading=\"lazy\" decoding=\"async\" width=\"2560\" height=\"2560\" src=\"https:\/\/www.haus-des-erinnerns-mainz.de\/wp-content\/uploads\/2025\/09\/Cover_Stadtrundgang_NS-1-scaled.jpg\" alt=\"\" class=\"wp-image-8086\" srcset=\"https:\/\/www.haus-des-erinnerns-mainz.de\/wp-content\/uploads\/2025\/09\/Cover_Stadtrundgang_NS-1-scaled.jpg 2560w, https:\/\/www.haus-des-erinnerns-mainz.de\/wp-content\/uploads\/2025\/09\/Cover_Stadtrundgang_NS-1-300x300.jpg 300w, https:\/\/www.haus-des-erinnerns-mainz.de\/wp-content\/uploads\/2025\/09\/Cover_Stadtrundgang_NS-1-150x150.jpg 150w, https:\/\/www.haus-des-erinnerns-mainz.de\/wp-content\/uploads\/2025\/09\/Cover_Stadtrundgang_NS-1-768x768.jpg 768w, https:\/\/www.haus-des-erinnerns-mainz.de\/wp-content\/uploads\/2025\/09\/Cover_Stadtrundgang_NS-1-1536x1536.jpg 1536w, https:\/\/www.haus-des-erinnerns-mainz.de\/wp-content\/uploads\/2025\/09\/Cover_Stadtrundgang_NS-1-2048x2048.jpg 2048w\" sizes=\"auto, (max-width: 2560px) 100vw, 2560px\" \/><figcaption class=\"wp-element-caption\"><sup>Foto \u00a9 Stadtarchiv Mainz<\/sup><\/figcaption><\/figure>\n\n\n\n<br>\n\n\n\n<h5 class=\"wp-block-heading\"><strong>Stadtrundgang: Auf den Spuren des Nationalsozialismus durch die Altstadt<\/strong><\/h5>\n\n\n\n<p><br>In Rundgang durch die Mainzer Altstadt stehen die Themen <strong>Etablierung und Durchsetzung der Diktatur sowie Verfolgung<\/strong> im Zentrum. Unter anderem der Dalberger, der Sch\u00f6nborner und der Osteiner Hof sowie einige in der Altstadt verlegte Stolpersteine sind Bestandteil dieser F\u00fchrung. Der Rundgang endet im Haus des Erinnerns \u2013 f\u00fcr Demokratie und Akzeptanz in der Flachsmarktstra\u00dfe 36 mit dem &nbsp;Besuch im \u201eRaum der Namen\u201c (der bisher ermittelten Opfer des NS in Mainz) und einem Abschlussgespr\u00e4ch.<br><br>Karte:&nbsp;<a href=\"https:\/\/goo.gl\/maps\/6m86Wu2oeTck8zKk9\" target=\"_blank\" rel=\"noreferrer noopener\">Stadtrundgang Altstadt<\/a><\/p>\n\n\n\n<br>\n\n\n\n<h5 class=\"wp-block-heading\"><strong>Stadtrundgang: Auf den Spuren des Nationalsozialismus durch die Neustadt<\/strong><\/h5>\n\n\n\n<p><br>In einem Rundgang durch die Mainzer Neustadt steht das Thema <strong>Verfolgung<\/strong> im Zentrum. An vielen Stellen des Rundgangs kann durch die <strong>exemplarische Biografie Gerti Meyer-Jorgensens<\/strong> eine Zeitzeugin \u201ezu Wort kommen\u201c. Unter anderem die ehemalige Gestapostelle, der Synagogenplatz (Auf Anfrage und in Absprache mit der j\u00fcdischen Gemeinde ist auch eine F\u00fchrung in der Synagoge m\u00f6glich) und in der Neustadt verlegte Stolpersteine sind Bestandteil dieser F\u00fchrung. Der Rundgang endet im Haus des Erinnerns \u2013 f\u00fcr Demokratie und Akzeptanz in der Flachsmarktstra\u00dfe 36 mit dem Besuch im \u201eRaum der Namen\u201c und einem Abschlussgespr\u00e4ch.<br><br>Karte:&nbsp;<a href=\"https:\/\/goo.gl\/maps\/3MAaJFShMFHgrYt98\" target=\"_blank\" rel=\"noreferrer noopener\">Stadtrundgang Neustadt<\/a><\/p>\n\n\n\n<p class=\"has-white-color has-text-color has-background\" style=\"background-color:#5a8975\"><strong>Dauer:<\/strong> 90 Minuten<br><strong>Gruppengr\u00f6\u00dfe:<\/strong> bis 35 Personen<br><strong>Gut kombinierbar mit:<\/strong> Workshop Zeitzeug*innen<\/p>\n\n\n\n<br>\n\n\n\n<br>\n\n\n\n<br>\n\n\n\n<figure class=\"wp-block-image size-full\"><img loading=\"lazy\" decoding=\"async\" width=\"2560\" height=\"2560\" src=\"https:\/\/www.haus-des-erinnerns-mainz.de\/wp-content\/uploads\/2025\/09\/Cover_Stadtrundgang_Demokratie_komp-1-scaled.jpg\" alt=\"\" class=\"wp-image-8088\" srcset=\"https:\/\/www.haus-des-erinnerns-mainz.de\/wp-content\/uploads\/2025\/09\/Cover_Stadtrundgang_Demokratie_komp-1-scaled.jpg 2560w, https:\/\/www.haus-des-erinnerns-mainz.de\/wp-content\/uploads\/2025\/09\/Cover_Stadtrundgang_Demokratie_komp-1-300x300.jpg 300w, https:\/\/www.haus-des-erinnerns-mainz.de\/wp-content\/uploads\/2025\/09\/Cover_Stadtrundgang_Demokratie_komp-1-150x150.jpg 150w, https:\/\/www.haus-des-erinnerns-mainz.de\/wp-content\/uploads\/2025\/09\/Cover_Stadtrundgang_Demokratie_komp-1-768x768.jpg 768w, https:\/\/www.haus-des-erinnerns-mainz.de\/wp-content\/uploads\/2025\/09\/Cover_Stadtrundgang_Demokratie_komp-1-1536x1536.jpg 1536w, https:\/\/www.haus-des-erinnerns-mainz.de\/wp-content\/uploads\/2025\/09\/Cover_Stadtrundgang_Demokratie_komp-1-2048x2048.jpg 2048w\" sizes=\"auto, (max-width: 2560px) 100vw, 2560px\" \/><figcaption class=\"wp-element-caption\"><sup>Fotos \u00a9 Stadtarchiv Mainz<\/sup><\/figcaption><\/figure>\n\n\n\n<br>\n\n\n\n<h5 class=\"wp-block-heading\"><strong>Stadtrundgang: Auf den Spuren der Demokratie durch Mainz<\/strong><\/h5>\n\n\n\n<p><br>Unser Stadtrundgang&nbsp;<strong>\u201eAuf den Spuren der Demokratie\u201d<\/strong>&nbsp;f\u00fchrt an sechs Stationen durch zwei Jahrhunderte der st\u00e4dtischen Demokratiegeschichte. Darin zeichnen wir den Kampf f\u00fcr Grund- und Freiheitsrechte, aber auch die R\u00fcckschritte und Einschnitte auf dem Weg zu unserer heutigen Gesellschaft.<\/p>\n\n\n\n<p>Wir bieten den Rundgang in zwei Formaten an. Der&nbsp;<strong>klassische Stadtrundgang<\/strong>&nbsp;bietet eine gef\u00fchrte Tour durch die Mainzer Innenstadt. Hier werden in einer eineinhalbst\u00fcndigen F\u00fchrung die wichtigsten Stationen der Mainzer Demokratiegeschichte durch Guides des Haus des Erinnerns pr\u00e4sentiert.<br>Der&nbsp;<strong>aktivierte Stadtrundgang&nbsp;<\/strong>erweitert die klassische F\u00fchrung um einen Pr\u00e4sentationsteil der Sch\u00fcler*innen. In Verbindung mit unserem Biografienworkshop wird der klassische Stadtrundgang an jeder der sechs Stationen um einen Sch\u00fcler*innenbeitrag zu einer zentralen Pers\u00f6nlichkeit der Demokratiegeschichte erg\u00e4nzt.<br><br>Karte:&nbsp;<a href=\"https:\/\/goo.gl\/maps\/duzg9Qbwhr6AFsDP7\">Stadtrundgang Demokratiegeschichte<\/a><\/p>\n\n\n\n<p class=\"has-white-color has-text-color has-background\" style=\"background-color:#5a8975\"><strong>Dauer:<\/strong> 120 Minuten<br><strong>Gruppengr\u00f6\u00dfe:<\/strong> bis 35 Personen<br><strong>Gut kombinierbar mit:<\/strong> Workshop \u201eWir\u201d und \u201edie Anderen\u201d<\/p>\n\n\n\n<br>\n\n\n\n<br>\n\n\n\n<br>\n\n\n\n<figure class=\"wp-block-image size-full\"><img decoding=\"async\" src=\"https:\/\/www.haus-des-erinnerns-mainz.de\/wp-content\/uploads\/2025\/09\/Cover_Stadtrundgang_Seghers-1-scaled.jpg\" alt=\"\" class=\"wp-image-8089\"\/><figcaption class=\"wp-element-caption\"><sup>Foto \u00a9 Bundesarchiv, Bild 183-F0114-0204-003 \/ Hochneder, Christa \/ CC BY-SA 3.0 DE<\/sup><\/figcaption><\/figure>\n\n\n\n<br>\n\n\n\n<h5 class=\"wp-block-heading\"><strong>Stadtrundgang: Anna Seghers \u2013 Leben und Wirken in Mainz<\/strong> <\/h5>\n\n\n\n<p><br>Der Rundgang \u201eAnna Seghers \u2013 Leben und Wirken in der Stadt Mainz\u201c durch die Stadt Mainz widmet sich sowohl dem Leben als auch dem Wirken der Autorin und Ehrenb\u00fcrgerin der Stadt Mainz, Anna Seghers. Ihr Roman \u201eDas siebte Kreuz\u201c und die autobiografische Erz\u00e4hlung \u201eDer Ausflug der toten M\u00e4dchen\u201c, mit denen sie ihrer Vaterstadt ein unverg\u00e4ngliches literarisches Denkmal gesetzt hat, stehen dabei im Zentrum der F\u00fchrung.<\/p>\n\n\n\n<p>Karte:&nbsp;<a href=\"https:\/\/goo.gl\/maps\/m8itsJ6DqiJVCv7P7\">Stadtrundgang Anna Seghers<\/a><\/p>\n\n\n\n<p class=\"has-white-color has-text-color has-background\" style=\"background-color:#5a8975\"><strong>Dauer:<\/strong> 90 Minuten<br><strong>Gruppengr\u00f6\u00dfe:<\/strong> bis 35 Personen<\/p>\n\n\n\n<br>\n\n\n\n<br>\n\n\n\n<br>\n\n\n\n<figure class=\"wp-block-image size-full\"><img decoding=\"async\" src=\"https:\/\/www.haus-des-erinnerns-mainz.de\/wp-content\/uploads\/2025\/09\/Cover_Stadtrundgang_Frauen-1-scaled.jpg\" alt=\"\" class=\"wp-image-8090\"\/><figcaption class=\"wp-element-caption\"><sup>Fotos \u00a9 Stadtarchiv Mainz<\/sup><\/figcaption><\/figure>\n\n\n\n<br>\n\n\n\n<h5 class=\"wp-block-heading\"><strong>Stadtrundgang: Auf den Spuren von Mainzer*innen zwischen Verfolgung, Widerstand und Emanzipation<\/strong><\/h5>\n\n\n\n<p><br>Die Geschichte von Mainz l\u00e4sst sich nicht erz\u00e4hlen, ohne gleichzeitig auch an das Leben und die Lebensumst\u00e4nde ihrer Bewohnerinnen zu erinnern. Doch noch immer h\u00e4lt sich hartn\u00e4ckig die Ansicht, nur \u201egro\u00dfe M\u00e4nner\u201c h\u00e4tten die Geschicke der Stadt gelenkt. Dabei hat die weibliche H\u00e4lfte der Bev\u00f6lkerung quer durch alle Jahrhunderte einen ebenso hohen Anteil am Geschehen in Mainz. Der etwa zweist\u00fcndige Rundgang stellt das Leben und Wirken von Mainzer*innen aus den letzten zwei Jahrhunderten in den Mittelpunkt, die sich hier in der Stadt auf vielf\u00e4ltige Weise engagierten, gegen enge Frauenrollen opponierten und gesellschaftlich gesetzte Grenzen nicht einfach hinnehmen wollten.<\/p>\n\n\n\n<p>Karte:&nbsp;<a href=\"https:\/\/maps.app.goo.gl\/2WA7ZBiLmxmb8eo77\" target=\"_blank\" rel=\"noreferrer noopener\">Stadtrundgang Emanzipation<\/a><\/p>\n\n\n\n<p class=\"has-white-color has-text-color has-background has-link-color wp-elements-ecdc98332c310af032be587fe4279bdb\" style=\"background-color:#5a8975\"><strong>Zielgruppe:<\/strong> ab 10. Klasse<br><strong>Dauer: <\/strong>120 Minuten<br><strong>Gruppengr\u00f6\u00dfe:<\/strong> bis 35 Personen<\/p>\n\n\n\n<br>\n\n\n\n<br>\n\n\n\n<br>\n\n\n\n<figure class=\"wp-block-image size-full\"><img loading=\"lazy\" decoding=\"async\" width=\"2560\" height=\"2560\" src=\"https:\/\/www.haus-des-erinnerns-mainz.de\/wp-content\/uploads\/2025\/07\/Cover_Stadtrundgang_Verfolgtengruppen-scaled.jpg\" alt=\"\" class=\"wp-image-8004\" srcset=\"https:\/\/www.haus-des-erinnerns-mainz.de\/wp-content\/uploads\/2025\/07\/Cover_Stadtrundgang_Verfolgtengruppen-scaled.jpg 2560w, https:\/\/www.haus-des-erinnerns-mainz.de\/wp-content\/uploads\/2025\/07\/Cover_Stadtrundgang_Verfolgtengruppen-300x300.jpg 300w, https:\/\/www.haus-des-erinnerns-mainz.de\/wp-content\/uploads\/2025\/07\/Cover_Stadtrundgang_Verfolgtengruppen-150x150.jpg 150w, https:\/\/www.haus-des-erinnerns-mainz.de\/wp-content\/uploads\/2025\/07\/Cover_Stadtrundgang_Verfolgtengruppen-768x768.jpg 768w, https:\/\/www.haus-des-erinnerns-mainz.de\/wp-content\/uploads\/2025\/07\/Cover_Stadtrundgang_Verfolgtengruppen-1536x1536.jpg 1536w, https:\/\/www.haus-des-erinnerns-mainz.de\/wp-content\/uploads\/2025\/07\/Cover_Stadtrundgang_Verfolgtengruppen-2048x2048.jpg 2048w\" sizes=\"auto, (max-width: 2560px) 100vw, 2560px\" \/><figcaption class=\"wp-element-caption\"><sup>Fotos \u00a9 Stadtarchiv Mainz<\/sup><\/figcaption><\/figure>\n\n\n\n<br>\n\n\n\n<h5 class=\"wp-block-heading\"><strong>Stadtrundgang: \u201eVon Ausgrenzung bis Anerkennung: Verfolgtengruppen des Nationalsozialismus anhand Mainzer Biografien\u201c<\/strong><\/h5>\n\n\n\n<p>In diesem Rundgang begeben wir uns auf die Spuren der verschiedenen Verfolgtengruppen des Nationalsozialismus. Anhand unterschiedlicher Biografien wollen wir das Schicksal einzelner Mainzer*innen darstellen und diese \u201ezu Wort kommen lassen\u201c. Sie sollen stellvertretend f\u00fcr die Leidenswege so vieler Menschen w\u00e4hrend der Zeit des Nationalsozialismus stehen und deren Geschichten in Erinnerung rufen. Dabei werden auch der lange und schwierige Kampf um die Anerkennung als Verfolgtengruppe sowie die Aufarbeitung der Geschichte von der unmittelbaren Nachkriegszeit bis heute beleuchtet.<\/p>\n\n\n\n<p class=\"has-white-color has-text-color has-background has-link-color wp-elements-ecdc98332c310af032be587fe4279bdb\" style=\"background-color:#5a8975\"><strong>Zielgruppe:<\/strong> ab 10. Klasse<br><strong>Dauer: <\/strong>120 Minuten<br><strong>Gruppengr\u00f6\u00dfe:<\/strong> bis 35 Personen<\/p>\n\n\n\n<p><\/p>\n","protected":false},"excerpt":{"rendered":"<p>Stadtrundgang: Auf den Spuren des Nationalsozialismus durch die Altstadt In Rundgang durch die Mainzer Altstadt stehen die Themen Etablierung und Durchsetzung der Diktatur sowie Verfolgung im Zentrum. Unter anderem der Dalberger, der Sch\u00f6nborner und der Osteiner Hof sowie einige in der Altstadt verlegte Stolpersteine sind Bestandteil dieser F\u00fchrung. Der Rundgang&#8230;<\/p>\n<p> <a class=\"continue-reading-link\" href=\"https:\/\/www.haus-des-erinnerns-mainz.de\/index.php\/bildungsangebote\/fuer-erwachsenengruppen\/stadtrundgaenge\/\"><span>Weiterlesen<\/span><i class=\"crycon-right-dir\"><\/i><\/a> <\/p>\n","protected":false},"author":4,"featured_media":0,"parent":3846,"menu_order":0,"comment_status":"closed","ping_status":"closed","template":"","meta":{"episode_type":"","audio_file":"","podmotor_file_id":"","podmotor_episode_id":"","cover_image":"","cover_image_id":"","duration":"","filesize":"","filesize_raw":"","date_recorded":"","explicit":"","block":"","ngg_post_thumbnail":0,"_price":"","_stock":"","_tribe_ticket_header":"","_tribe_default_ticket_provider":"","_tribe_ticket_capacity":"0","_ticket_start_date":"","_ticket_end_date":"","_tribe_ticket_show_description":"","_tribe_ticket_show_not_going":false,"_tribe_ticket_use_global_stock":"","_tribe_ticket_global_stock_level":"","_global_stock_mode":"","_global_stock_cap":"","_tribe_rsvp_for_event":"","_tribe_ticket_going_count":"","_tribe_ticket_not_going_count":"","_tribe_tickets_list":"[]","_tribe_ticket_has_attendee_info_fields":false,"footnotes":"","_tec_slr_enabled":"","_tec_slr_layout":""},"class_list":["post-4365","page","type-page","status-publish","hentry"],"ticketed":false,"_links":{"self":[{"href":"https:\/\/www.haus-des-erinnerns-mainz.de\/index.php\/wp-json\/wp\/v2\/pages\/4365","targetHints":{"allow":["GET"]}}],"collection":[{"href":"https:\/\/www.haus-des-erinnerns-mainz.de\/index.php\/wp-json\/wp\/v2\/pages"}],"about":[{"href":"https:\/\/www.haus-des-erinnerns-mainz.de\/index.php\/wp-json\/wp\/v2\/types\/page"}],"author":[{"embeddable":true,"href":"https:\/\/www.haus-des-erinnerns-mainz.de\/index.php\/wp-json\/wp\/v2\/users\/4"}],"replies":[{"embeddable":true,"href":"https:\/\/www.haus-des-erinnerns-mainz.de\/index.php\/wp-json\/wp\/v2\/comments?post=4365"}],"version-history":[{"count":12,"href":"https:\/\/www.haus-des-erinnerns-mainz.de\/index.php\/wp-json\/wp\/v2\/pages\/4365\/revisions"}],"predecessor-version":[{"id":8092,"href":"https:\/\/www.haus-des-erinnerns-mainz.de\/index.php\/wp-json\/wp\/v2\/pages\/4365\/revisions\/8092"}],"up":[{"embeddable":true,"href":"https:\/\/www.haus-des-erinnerns-mainz.de\/index.php\/wp-json\/wp\/v2\/pages\/3846"}],"wp:attachment":[{"href":"https:\/\/www.haus-des-erinnerns-mainz.de\/index.php\/wp-json\/wp\/v2\/media?parent=4365"}],"curies":[{"name":"wp","href":"https:\/\/api.w.org\/{rel}","templated":true}]}}