{"id":3852,"date":"2021-08-20T11:46:10","date_gmt":"2021-08-20T09:46:10","guid":{"rendered":"https:\/\/www.haus-des-erinnerns-mainz.de\/?page_id=3852"},"modified":"2024-01-05T15:03:03","modified_gmt":"2024-01-05T14:03:03","slug":"workshops","status":"publish","type":"page","link":"https:\/\/www.haus-des-erinnerns-mainz.de\/index.php\/bildungsangebote\/fuer-erwachsenengruppen\/workshops\/","title":{"rendered":""},"content":{"rendered":"\n\n\n<figure class=\"wp-block-image size-large\"><img loading=\"lazy\" decoding=\"async\" width=\"4024\" height=\"473\" src=\"https:\/\/www.haus-des-erinnerns-mainz.de\/wp-content\/uploads\/2024\/01\/Header_Ueberschriften_neu_Workshops-4-4024x473.jpg\" alt=\"\" class=\"wp-image-6684\" srcset=\"https:\/\/www.haus-des-erinnerns-mainz.de\/wp-content\/uploads\/2024\/01\/Header_Ueberschriften_neu_Workshops-4-4024x473.jpg 4024w, https:\/\/www.haus-des-erinnerns-mainz.de\/wp-content\/uploads\/2024\/01\/Header_Ueberschriften_neu_Workshops-4-300x35.jpg 300w, https:\/\/www.haus-des-erinnerns-mainz.de\/wp-content\/uploads\/2024\/01\/Header_Ueberschriften_neu_Workshops-4-768x90.jpg 768w, https:\/\/www.haus-des-erinnerns-mainz.de\/wp-content\/uploads\/2024\/01\/Header_Ueberschriften_neu_Workshops-4-1536x181.jpg 1536w, https:\/\/www.haus-des-erinnerns-mainz.de\/wp-content\/uploads\/2024\/01\/Header_Ueberschriften_neu_Workshops-4-2048x241.jpg 2048w, https:\/\/www.haus-des-erinnerns-mainz.de\/wp-content\/uploads\/2024\/01\/Header_Ueberschriften_neu_Workshops-4-150x18.jpg 150w\" sizes=\"auto, (max-width: 4024px) 100vw, 4024px\" \/><\/figure>\n\n\n\n<br>\n\n\n\n<h5 class=\"wp-block-heading\"><strong>Workshop: Zeitzeug*innen des Nationalsozialismus aus Mainz<\/strong><\/h5>\n\n\n\n<p><br>Im Haus des Erinnerns \u2013 f\u00fcr Demokratie und Akzeptanz Mainz verf\u00fcgen wir \u00fcber eine Auswahl an Interviews mit j\u00fcdischen Zeitzeug*innen aus Mainz, die in den 1990er-Jahren von der Shoah Foundation gef\u00fchrt und aufgezeichnet wurden. Sie geben exemplarischen Einblick in das j\u00fcdische Leben in Mainz, in die sich mit der nationalsozialistischen \u201aMacht\u00fcbernahme\u2018 verschlechternde Lebenssituation und in die Verfolgungsgeschichte j\u00fcdischer Mainzer*innen. Zu diesen Interviews bieten wir <strong>Workshops mit verschiedenen thematischen Schwerpunkten<\/strong> an, die auf Wunsch miteinander kombinierbar sind und <strong>auch vollst\u00e4ndig digital durchgef\u00fchrt<\/strong> werden k\u00f6nnen. In jedem der f\u00fcnf Interviews werden dabei unterschiedliche Themenschwerpunkte angesprochen. <\/p>\n\n\n\n<ul class=\"wp-block-list\">\n<li>Dauer: 90 Minuten <\/li>\n\n\n\n<li>Gruppengr\u00f6\u00dfe: bis 35 Personen<\/li>\n<\/ul>\n\n\n\n<br>\n\n\n\n<h3 class=\"wp-block-heading\">Lotte Kramer (*1923 in Mainz)<\/h3>\n\n\n\n<div class=\"wp-block-media-text alignwide is-stacked-on-mobile\"><figure class=\"wp-block-media-text__media\"><img loading=\"lazy\" decoding=\"async\" width=\"1024\" height=\"833\" src=\"https:\/\/www.haus-des-erinnerns-mainz.de\/wp-content\/uploads\/2021\/06\/Lotte_Kramer-1024x833.png\" alt=\"\" class=\"wp-image-3900 size-full\" srcset=\"https:\/\/www.haus-des-erinnerns-mainz.de\/wp-content\/uploads\/2021\/06\/Lotte_Kramer-1024x833.png 1024w, https:\/\/www.haus-des-erinnerns-mainz.de\/wp-content\/uploads\/2021\/06\/Lotte_Kramer-300x244.png 300w, https:\/\/www.haus-des-erinnerns-mainz.de\/wp-content\/uploads\/2021\/06\/Lotte_Kramer-768x625.png 768w, https:\/\/www.haus-des-erinnerns-mainz.de\/wp-content\/uploads\/2021\/06\/Lotte_Kramer-150x122.png 150w, https:\/\/www.haus-des-erinnerns-mainz.de\/wp-content\/uploads\/2021\/06\/Lotte_Kramer.png 1216w\" sizes=\"auto, (max-width: 1024px) 100vw, 1024px\" \/><\/figure><div class=\"wp-block-media-text__content\">\n<p><strong>thematische Schwerpunkte<\/strong><\/p>\n\n\n\n<ul class=\"wp-block-list\">\n<li>Ausgrenzung und Verfolgung im Nationalsozialismus<\/li>\n\n\n\n<li>Kindertransporte<\/li>\n\n\n\n<li>Piaski<\/li>\n\n\n\n<li>Weiterleben: Der Umgang mit der eigenen Geschichte<\/li>\n<\/ul>\n<\/div><\/div>\n\n\n\n<br>\n\n\n\n<h3 class=\"wp-block-heading\">Hansi Bodenheim (*1924 in Mainz)<\/h3>\n\n\n\n<div class=\"wp-block-media-text alignwide is-stacked-on-mobile\"><figure class=\"wp-block-media-text__media\"><img loading=\"lazy\" decoding=\"async\" width=\"1024\" height=\"801\" src=\"https:\/\/www.haus-des-erinnerns-mainz.de\/wp-content\/uploads\/2021\/06\/Hansi_Bodenheim-1024x801.png\" alt=\"\" class=\"wp-image-3901 size-full\" srcset=\"https:\/\/www.haus-des-erinnerns-mainz.de\/wp-content\/uploads\/2021\/06\/Hansi_Bodenheim-1024x801.png 1024w, https:\/\/www.haus-des-erinnerns-mainz.de\/wp-content\/uploads\/2021\/06\/Hansi_Bodenheim-300x235.png 300w, https:\/\/www.haus-des-erinnerns-mainz.de\/wp-content\/uploads\/2021\/06\/Hansi_Bodenheim-768x601.png 768w, https:\/\/www.haus-des-erinnerns-mainz.de\/wp-content\/uploads\/2021\/06\/Hansi_Bodenheim-150x117.png 150w, https:\/\/www.haus-des-erinnerns-mainz.de\/wp-content\/uploads\/2021\/06\/Hansi_Bodenheim.png 1298w\" sizes=\"auto, (max-width: 1024px) 100vw, 1024px\" \/><\/figure><div class=\"wp-block-media-text__content\">\n<p><strong>thematische Schwerpunkte<\/strong><\/p>\n\n\n\n<ul class=\"wp-block-list\">\n<li>Ausgrenzung und Verfolgung im Nationalsozialismus<\/li>\n\n\n\n<li>Propaganda<\/li>\n\n\n\n<li>j\u00fcdisches Gemeindeleben in Mainz<\/li>\n\n\n\n<li>Konzentrations- und Vernichtungslager<\/li>\n\n\n\n<li>Shoah<\/li>\n<\/ul>\n<\/div><\/div>\n\n\n\n<br>\n\n\n\n<h3 class=\"wp-block-heading\">Gunther Marx (*1923 in Mainz)<\/h3>\n\n\n\n<div class=\"wp-block-media-text alignwide is-stacked-on-mobile\"><figure class=\"wp-block-media-text__media\"><img loading=\"lazy\" decoding=\"async\" width=\"1024\" height=\"754\" src=\"https:\/\/www.haus-des-erinnerns-mainz.de\/wp-content\/uploads\/2021\/08\/Bild_2021-08-11_154410-1024x754.png\" alt=\"\" class=\"wp-image-4203 size-full\" srcset=\"https:\/\/www.haus-des-erinnerns-mainz.de\/wp-content\/uploads\/2021\/08\/Bild_2021-08-11_154410-1024x754.png 1024w, https:\/\/www.haus-des-erinnerns-mainz.de\/wp-content\/uploads\/2021\/08\/Bild_2021-08-11_154410-300x221.png 300w, https:\/\/www.haus-des-erinnerns-mainz.de\/wp-content\/uploads\/2021\/08\/Bild_2021-08-11_154410-768x565.png 768w, https:\/\/www.haus-des-erinnerns-mainz.de\/wp-content\/uploads\/2021\/08\/Bild_2021-08-11_154410-150x110.png 150w, https:\/\/www.haus-des-erinnerns-mainz.de\/wp-content\/uploads\/2021\/08\/Bild_2021-08-11_154410.png 1185w\" sizes=\"auto, (max-width: 1024px) 100vw, 1024px\" \/><\/figure><div class=\"wp-block-media-text__content\">\n<p><strong>thematische Schwerpunkte<\/strong><\/p>\n\n\n\n<ul class=\"wp-block-list\">\n<li>Ausgrenzung in der Schule unter dem NS-Regime<\/li>\n\n\n\n<li>Jugend und Erziehung im NS<\/li>\n\n\n\n<li>Pogromnacht<\/li>\n\n\n\n<li>\u201eArisierungen\u201c<\/li>\n\n\n\n<li>Auswanderung und Flucht<\/li>\n<\/ul>\n<\/div><\/div>\n\n\n\n<br>\n\n\n\n<h3 class=\"wp-block-heading\">Lorle Mann-Liebermann (*1922 in Mainz)<\/h3>\n\n\n\n<div class=\"wp-block-media-text alignwide is-stacked-on-mobile\"><figure class=\"wp-block-media-text__media\"><img loading=\"lazy\" decoding=\"async\" width=\"1024\" height=\"751\" src=\"https:\/\/www.haus-des-erinnerns-mainz.de\/wp-content\/uploads\/2021\/08\/Bild_2021-08-11_154243-1024x751.png\" alt=\"\" class=\"wp-image-4202 size-full\" srcset=\"https:\/\/www.haus-des-erinnerns-mainz.de\/wp-content\/uploads\/2021\/08\/Bild_2021-08-11_154243-1024x751.png 1024w, https:\/\/www.haus-des-erinnerns-mainz.de\/wp-content\/uploads\/2021\/08\/Bild_2021-08-11_154243-300x220.png 300w, https:\/\/www.haus-des-erinnerns-mainz.de\/wp-content\/uploads\/2021\/08\/Bild_2021-08-11_154243-768x564.png 768w, https:\/\/www.haus-des-erinnerns-mainz.de\/wp-content\/uploads\/2021\/08\/Bild_2021-08-11_154243-150x110.png 150w, https:\/\/www.haus-des-erinnerns-mainz.de\/wp-content\/uploads\/2021\/08\/Bild_2021-08-11_154243.png 1183w\" sizes=\"auto, (max-width: 1024px) 100vw, 1024px\" \/><\/figure><div class=\"wp-block-media-text__content\">\n<p><strong>thematische Schwerpunkte<\/strong><\/p>\n\n\n\n<ul class=\"wp-block-list\">\n<li>Ausgrenzung und Verfolgung im Alltag<\/li>\n\n\n\n<li>assimiliertes j\u00fcdisches Leben in Mainz<\/li>\n\n\n\n<li>Pogromnacht<\/li>\n\n\n\n<li>\u201eArisierungen\u201c<\/li>\n<\/ul>\n<\/div><\/div>\n\n\n\n<br>\n\n\n\n<h3 class=\"wp-block-heading\">William Heiden (*1928 in Mainz)<\/h3>\n\n\n\n<div class=\"wp-block-media-text alignwide is-stacked-on-mobile\"><figure class=\"wp-block-media-text__media\"><img loading=\"lazy\" decoding=\"async\" width=\"1024\" height=\"750\" src=\"https:\/\/www.haus-des-erinnerns-mainz.de\/wp-content\/uploads\/2021\/08\/Bild_2021-08-11_153938-1024x750.png\" alt=\"\" class=\"wp-image-4201 size-full\" srcset=\"https:\/\/www.haus-des-erinnerns-mainz.de\/wp-content\/uploads\/2021\/08\/Bild_2021-08-11_153938-1024x750.png 1024w, https:\/\/www.haus-des-erinnerns-mainz.de\/wp-content\/uploads\/2021\/08\/Bild_2021-08-11_153938-300x220.png 300w, https:\/\/www.haus-des-erinnerns-mainz.de\/wp-content\/uploads\/2021\/08\/Bild_2021-08-11_153938-768x562.png 768w, https:\/\/www.haus-des-erinnerns-mainz.de\/wp-content\/uploads\/2021\/08\/Bild_2021-08-11_153938-150x110.png 150w, https:\/\/www.haus-des-erinnerns-mainz.de\/wp-content\/uploads\/2021\/08\/Bild_2021-08-11_153938.png 1187w\" sizes=\"auto, (max-width: 1024px) 100vw, 1024px\" \/><\/figure><div class=\"wp-block-media-text__content\">\n<p><strong>thematische Schwerpunkte<\/strong><\/p>\n\n\n\n<ul class=\"wp-block-list\">\n<li>Pogromnacht<\/li>\n\n\n\n<li>Buchenwald<\/li>\n\n\n\n<li>Auswanderung und Flucht nach 1938<\/li>\n\n\n\n<li>Weiterleben: Der Umgang mit der eigenen Geschichte<\/li>\n<\/ul>\n<\/div><\/div>\n\n\n\n<br>\n\n\n\n<h5 class=\"wp-block-heading\"><br><br><strong>Workshop: Was hei\u00dft lebendiges Erinnern?<\/strong><\/h5>\n\n\n\n<p><br>Nach einem kurzen Inputvortrag schauen sich die Teilnehmenden gemeinsam ein Zeitzeugeninterview an. Zeitzeug*innen sind zentraler Bestandteil der deutschen Erinnerungskultur, doch leider k\u00f6nnen alters- und gesundheitsbedingt immer weniger von ihnen noch \u00f6ffentlich auftreten. Die Interviews der Shoah Foundation stellen eine M\u00f6glichkeit des Umgangs mit dem Wegfall von Zeitzeug*innen dar.<br>Neben dem Betrachten von Zeitzeug*innen-Interviews gibt es noch vielf\u00e4ltige andere Formen des Erinnerns und Gedenkens, so beispielsweise zentrale \u00f6ffentliche Gedenkveranstaltungen mit Kranzniederlegungen, die Verlegung von Stolpersteinen und vielf\u00e4ltige kreative Formen des Erinnerns und Gedenkens.<br>In Kleingruppen werden sich die Teilnehmenden mit diesen verschiedenen Formen besch\u00e4ftigen, um abschlie\u00dfend \u00fcber die Frage zu diskutieren, was f\u00fcr uns heute eine lebendige Erinnerungskultur ausmacht.<\/p>\n","protected":false},"excerpt":{"rendered":"<p>Workshop: Zeitzeug*innen des Nationalsozialismus aus Mainz Im Haus des Erinnerns \u2013 f\u00fcr Demokratie und Akzeptanz Mainz verf\u00fcgen wir \u00fcber eine Auswahl an Interviews mit j\u00fcdischen Zeitzeug*innen aus Mainz, die in den 1990er-Jahren von der Shoah Foundation gef\u00fchrt und aufgezeichnet wurden. Sie geben exemplarischen Einblick in das j\u00fcdische Leben in Mainz,&#8230;<\/p>\n<p> <a class=\"continue-reading-link\" href=\"https:\/\/www.haus-des-erinnerns-mainz.de\/index.php\/bildungsangebote\/fuer-erwachsenengruppen\/workshops\/\"><span>Weiterlesen<\/span><i class=\"crycon-right-dir\"><\/i><\/a> <\/p>\n","protected":false},"author":4,"featured_media":0,"parent":3846,"menu_order":0,"comment_status":"closed","ping_status":"closed","template":"","meta":{"episode_type":"","audio_file":"","podmotor_file_id":"","podmotor_episode_id":"","cover_image":"","cover_image_id":"","duration":"","filesize":"","filesize_raw":"","date_recorded":"","explicit":"","block":"","ngg_post_thumbnail":0,"_price":"","_stock":"","_tribe_ticket_header":"","_tribe_default_ticket_provider":"","_tribe_ticket_capacity":"0","_ticket_start_date":"","_ticket_end_date":"","_tribe_ticket_show_description":"","_tribe_ticket_show_not_going":false,"_tribe_ticket_use_global_stock":"","_tribe_ticket_global_stock_level":"","_global_stock_mode":"","_global_stock_cap":"","_tribe_rsvp_for_event":"","_tribe_ticket_going_count":"","_tribe_ticket_not_going_count":"","_tribe_tickets_list":"[]","_tribe_ticket_has_attendee_info_fields":false,"footnotes":"","_tec_slr_enabled":"","_tec_slr_layout":""},"class_list":["post-3852","page","type-page","status-publish","hentry"],"ticketed":false,"_links":{"self":[{"href":"https:\/\/www.haus-des-erinnerns-mainz.de\/index.php\/wp-json\/wp\/v2\/pages\/3852","targetHints":{"allow":["GET"]}}],"collection":[{"href":"https:\/\/www.haus-des-erinnerns-mainz.de\/index.php\/wp-json\/wp\/v2\/pages"}],"about":[{"href":"https:\/\/www.haus-des-erinnerns-mainz.de\/index.php\/wp-json\/wp\/v2\/types\/page"}],"author":[{"embeddable":true,"href":"https:\/\/www.haus-des-erinnerns-mainz.de\/index.php\/wp-json\/wp\/v2\/users\/4"}],"replies":[{"embeddable":true,"href":"https:\/\/www.haus-des-erinnerns-mainz.de\/index.php\/wp-json\/wp\/v2\/comments?post=3852"}],"version-history":[{"count":16,"href":"https:\/\/www.haus-des-erinnerns-mainz.de\/index.php\/wp-json\/wp\/v2\/pages\/3852\/revisions"}],"predecessor-version":[{"id":6751,"href":"https:\/\/www.haus-des-erinnerns-mainz.de\/index.php\/wp-json\/wp\/v2\/pages\/3852\/revisions\/6751"}],"up":[{"embeddable":true,"href":"https:\/\/www.haus-des-erinnerns-mainz.de\/index.php\/wp-json\/wp\/v2\/pages\/3846"}],"wp:attachment":[{"href":"https:\/\/www.haus-des-erinnerns-mainz.de\/index.php\/wp-json\/wp\/v2\/media?parent=3852"}],"curies":[{"name":"wp","href":"https:\/\/api.w.org\/{rel}","templated":true}]}}