{"id":3078,"date":"2020-11-19T15:20:28","date_gmt":"2020-11-19T14:20:28","guid":{"rendered":"https:\/\/www.haus-des-erinnerns-mainz.de\/?page_id=3078"},"modified":"2023-05-24T10:36:45","modified_gmt":"2023-05-24T08:36:45","slug":"berichte","status":"publish","type":"page","link":"https:\/\/www.haus-des-erinnerns-mainz.de\/index.php\/projekte-ausstellungen\/projekte\/jugendforum\/berichte\/","title":{"rendered":"Berichte"},"content":{"rendered":"\n<p class=\"has-background\" style=\"background-color:#c3edf1\"><strong>Pressemitteilung: Ministerpr\u00e4sidentin Malu Dreyer und Innenminister Michael Ebling zu Gast beim Jugendforum Mainz am 2. Mai 2023<\/strong><br><br>Am 2. Mai trafen sich sechs Jugendliche des Jugendforums Mainz mit Ministerpr\u00e4sidentin Malu Dreyer und Innenminister Michael Ebling im Haus des Erinnerns \u2013 f\u00fcr Demokratie und Akzeptanz Mainz. Zun\u00e4chst begr\u00fc\u00dfte die Leiterin des Hauses, Dr. Cornelia Dold, die Anwesenden. Nach einer kurzen Vorstellungsrunde, in der die Jugendlichen deutlich machen konnten, seit wann und vor allem in welchen Bereichen sie sich im Jugendforum engagieren, ging es direkt in den Austausch mit dem hohen Besuch.<br><br>Die Jugendlichen konnten das <a href=\"https:\/\/www.haus-des-erinnerns-mainz.de\/index.php\/projekte-ausstellungen\/projekte\/jugendforum\/\">Jugendforum<\/a> als offenes Beteiligungsformat f\u00fcr Kinder und Jugendliche aus Mainz zwischen drei und 27 Jahren vorstellen und verdeutlichen, welche Projekte sie umsetzen. Das zentrale Projekt \u00fcber das sie sich mit Ministerpr\u00e4sidentin Dreyer und Innenminister Ebling austauschten, war die erste Mainzer Jugenddemokratiekonferenz, die am 29. September 2022 stattfand. Diese wurde von einer Arbeitsgruppe aus dem Jugendforum konzipiert und umgesetzt. Somit bot sie ein Angebot von Jugendlichen f\u00fcr Jugendliche, bei dem man ins Gespr\u00e4ch kam und W\u00fcnsche f\u00fcr das junge Leben in Mainz entwickelte. Dieses Projekt wurde schon damals bei dem Jugend-Engagement-Wettbewerb der Ministerpr\u00e4sidentin und mit dem \u201eStart-A-Project\u201c Preis vom Bundeswettbewerb \u201eDemokratisch Handeln\u201c ausgezeichnet. \u201eDass die Konferenz zweimal ausgezeichnet wurde, ist ein sichtbares Zeichen daf\u00fcr, wie wichtig das Projekt ist\u201c, bekr\u00e4ftigte die Ministerpr\u00e4sidentin. Die Ergebnisse dieser Konferenz wurden in einem Forderungskatalog festgehalten, der schon im Wahlkampf an alle Mainzer OB-Kandidat*innen \u00fcbergeben wurde. Die Interviews, die die Jugendlichen mit den Kandidat*innen in diesem Rahmen f\u00fchrten, k\u00f6nnen auf dem <a href=\"https:\/\/www.youtube.com\/@hausdeserinnernsmainz7754\">YouTube Kanal des Haus des Erinnerns<\/a> oder dem <a href=\"https:\/\/www.instagram.com\/hde_jufo_mainz\/\">Instagram Kanal<\/a> des Jugendforums eingesehen werden.<br><br>Nun wurde dieser Katalog auch an die Ministerpr\u00e4sidentin und den Innenminister \u00fcbergeben und damit auch die Forderungen und Thematiken, die Jugendliche bewegen, an die Politik weitergetragen. Besonders diskutiert wurde, dass sich viele Jugendliche von der Politik nicht geh\u00f6rt f\u00fchlen oder nicht wissen, wohin sie sich bei Fragen oder Anliegen wenden k\u00f6nnen. Sowohl Ministerpr\u00e4sidentin Dreyer als auch Innenminister Ebling betonten, dass mit der \u00c4nderung der Gemeindeordnung und Landkreisordnung mittlerweile eine gesetzliche Grundlage geschaffen wurde, die vorschreibt, dass Jugendliche mehr in Prozesse eingebunden werden m\u00fcssen, die sie betreffen. Die Ministerpr\u00e4sidentin unterstrich, dass \u201eAngebote, die eine aktive Beteiligung erm\u00f6glichen und junge Menschen gezielt ansprechen, wichtig sind\u201c. Innenminister Ebling erg\u00e4nzte, dass \u201eso etwas Gelebtes und schon mal Probiertes wie die Jugenddemokratiekonferenz von gro\u00dfer Bedeutung ist und zeigt, dass das politische Interesse und der Wille, etwas zu ver\u00e4ndern, sehr wohl vorhanden sind\u201c.<br><br>Es stellte sich jedoch die Frage, was die Politik tun kann, um auch bestehende Angebote besser an Jugendliche heranzuf\u00fchren und wie man Jugendliche in ihrem Alltag erreichen kann. Dazu wurden verschiedene M\u00f6glichkeiten kontrovers diskutiert; ob Social Media der richtige Weg ist und welche H\u00fcrden sich dort stellen. Wie kann man bei Social Media Politik interessant und ernsthaft, zugleich aber auch unterhaltsam und \u201ecool\u201c r\u00fcberbringen, um Jugendliche anzusprechen, aber nicht zu verspotten?<br><br>Ein letztes zentrales Thema, das diskutiert wurde, war das Wahlalter ab 16. Dieses wurde auf der Jugenddemokratiekonferenz auch besonders mit Bezug auf kommunaler Ebene diskutiert und von den Jugendlichen in ihrem Forderungskatalog festgehalten. Die Ministerpr\u00e4sidentin unterstrich, dass es ein Widerspruch sei, wenn Jugendliche ab 16 Jahren auf der europ\u00e4ischen Ebene mitbestimmen k\u00f6nnen, aber nicht auf der kommunalen Ebene. Bei der Senkung des Wahlalters m\u00fcsse man endlich weiterkommen. Um eine Mehrheit f\u00fcr eine Verfassungs\u00e4nderung zu erreichen, w\u00e4re es hilfreich, auch au\u00dferparlamentarische Unterst\u00fctzung durch Jugendprojekte und -organisationen zu erhalten. Auch der Innenminister merkte an, dass es schwer vermittelbar sei, dass Jugendliche ab 16 bei der Europawahl w\u00e4hlen d\u00fcrfen, aber nicht per Wahl mitentscheiden k\u00f6nnen, was direkt vor Ort passieren soll. Vielen Dank an Ministerpr\u00e4sidentin Malu Dreyer und Innenminister Michael Ebling, dass Sie sich Zeit f\u00fcr uns genommen haben und so offen, ehrlich und zwanglos mit uns diskutiert und uns zugeh\u00f6rt haben. Auch dieses Jahr wird unsere Jugenddemokratiekonferenz am landesweiten Demokratie-Tag am 12. Oktober stattfinden. Erneut wurden wir mit zwei Preisen ausgezeichnet und danken f\u00fcr das Vertrauen und die Anerkennung f\u00fcr unser Engagement. F\u00fcr weitere Informationen folgt uns gerne auf Instagram und ihr seid immer herzlichst zu unseren Treffen eingeladen. Das n\u00e4chste Treffen des Jugendforum Mainz findet am 12. Mai im Haus des Erinnerns \u2013 f\u00fcr Demokratie und Akzeptanz Mainz statt.<\/p>\n\n\n\n<figure class=\"wp-block-image size-large\"><img loading=\"lazy\" decoding=\"async\" width=\"1024\" height=\"824\" src=\"https:\/\/www.haus-des-erinnerns-mainz.de\/wp-content\/uploads\/2023\/05\/JuFo_Dreyer_Ebling-1024x824.jpg\" alt=\"\" class=\"wp-image-6138\" srcset=\"https:\/\/www.haus-des-erinnerns-mainz.de\/wp-content\/uploads\/2023\/05\/JuFo_Dreyer_Ebling-1024x824.jpg 1024w, https:\/\/www.haus-des-erinnerns-mainz.de\/wp-content\/uploads\/2023\/05\/JuFo_Dreyer_Ebling-300x241.jpg 300w, https:\/\/www.haus-des-erinnerns-mainz.de\/wp-content\/uploads\/2023\/05\/JuFo_Dreyer_Ebling-768x618.jpg 768w, https:\/\/www.haus-des-erinnerns-mainz.de\/wp-content\/uploads\/2023\/05\/JuFo_Dreyer_Ebling-1536x1236.jpg 1536w, https:\/\/www.haus-des-erinnerns-mainz.de\/wp-content\/uploads\/2023\/05\/JuFo_Dreyer_Ebling-2048x1648.jpg 2048w, https:\/\/www.haus-des-erinnerns-mainz.de\/wp-content\/uploads\/2023\/05\/JuFo_Dreyer_Ebling-150x121.jpg 150w\" sizes=\"auto, (max-width: 1024px) 100vw, 1024px\" \/><\/figure>\n\n\n\n<br>\n\n\n\n<p class=\"has-background\" style=\"background-color:#c3edf1\"><strong>#StandWithUkraine<\/strong><br><br>Wie ihr wahrscheinlich bereits mitbekommen habt, hat Putin die Ukraine angegriffen. Auch wir sind \u00fcber die Ereignisse zutiefst ersch\u00fcttert und betrachten sie mit Fassungslosigkeit und Entsetzen. <br><br>Um den betroffenen Menschen in der Ukraine und an den Grenzen zu helfen, haben wir eine handvoll Hilfsorganisationen herausgesucht, die Geld oder\/ und Sachspenden sammeln. Auch verschiedene Mainzer Vereine haben sich zusammengeschlossen und koordinieren Spenden, um gefl\u00fcchtete Ukrainer*innen in Ostpolen zu unterst\u00fctzen. Sie sammeln bestimmte Sach- und Geldspenden:<br><br>\u2192<a href=\"https:\/\/www.instagram.com\/ballettschulemainz\/\">@ballettschulemainz<\/a><br>Die Balletschule \u201eStar Ballett\u201d sammelt bestimmte Sachspenden und Geld, welches f\u00fcr die Transportkosten in die Ukraine ben\u00f6tigt.<br>\u2192<a href=\"https:\/\/www.instagram.com\/mombach_hilft\/\">@mombach_hilft<\/a><br>\u2192<a href=\"https:\/\/www.instagram.com\/maltesermainz\/\">@maltesermainz<\/a><br>\u2192<a href=\"https:\/\/www.armut-gesundheit.de\/\">Der Verein \u201eArmut und Gesundheit\u201c<\/a><br>\u2192<a href=\"https:\/\/www.mainz.de\/microsite\/fluechtlingsarbeit\/zustaendigkeiten\/fluechtlingsarbeit\/fluechtlingskoordination.php\"> Die Fl\u00fcchtlingskoordination der Stadt Mainz<\/a><br>\u2192<a href=\"https:\/\/www.mainz.de\/verwaltung-und-politik\/ukraine-mainz-hilft\/hilfsaktionen-ukraine.php\">Offizielle Website der Stadt Mainz zu Hilfsaktionen<\/a><a href=\"https:\/\/www.mainz.de\/microsite\/fluechtlingsarbeit\/zustaendigkeiten\/fluechtlingsarbeit\/fluechtlingskoordination.php\"><br><\/a>\u2192Auch&nbsp;<a href=\"https:\/\/www.instagram.com\/UNICEF\/\">@UNICEF<\/a>&nbsp;sammelt Geld f\u00fcr die Kinder aus der Ukraine.<br>\u2192Au\u00dferdem sammeln die&nbsp;<a href=\"https:\/\/www.instagram.com\/unofluechtlingshilfe\/\">@unofluechtlingshilfe<\/a>&nbsp;und die&nbsp;<a href=\"https:\/\/www.instagram.com\/Welthungerhilfe\/\">@Welthungerhilfe<\/a>&nbsp;Geldspenden f\u00fcr Ukrainer*innen.<br><br>Jede Spende hilft! Jedes Engagement hilft!<\/p>\n\n\n\n<figure class=\"wp-block-image size-large\"><img loading=\"lazy\" decoding=\"async\" width=\"1024\" height=\"1024\" src=\"https:\/\/www.haus-des-erinnerns-mainz.de\/wp-content\/uploads\/2022\/03\/3_2022_Beitrag_Ukraine-1024x1024.jpg\" alt=\"\" class=\"wp-image-4918\" srcset=\"https:\/\/www.haus-des-erinnerns-mainz.de\/wp-content\/uploads\/2022\/03\/3_2022_Beitrag_Ukraine-1024x1024.jpg 1024w, https:\/\/www.haus-des-erinnerns-mainz.de\/wp-content\/uploads\/2022\/03\/3_2022_Beitrag_Ukraine-300x300.jpg 300w, https:\/\/www.haus-des-erinnerns-mainz.de\/wp-content\/uploads\/2022\/03\/3_2022_Beitrag_Ukraine-150x150.jpg 150w, https:\/\/www.haus-des-erinnerns-mainz.de\/wp-content\/uploads\/2022\/03\/3_2022_Beitrag_Ukraine-768x768.jpg 768w, https:\/\/www.haus-des-erinnerns-mainz.de\/wp-content\/uploads\/2022\/03\/3_2022_Beitrag_Ukraine-1536x1536.jpg 1536w, https:\/\/www.haus-des-erinnerns-mainz.de\/wp-content\/uploads\/2022\/03\/3_2022_Beitrag_Ukraine-2048x2048.jpg 2048w\" sizes=\"auto, (max-width: 1024px) 100vw, 1024px\" \/><\/figure>\n\n\n\n<br>\n\n\n\n<p class=\"has-background\" style=\"background-color:#c3edf1\"><strong>Demokratiekonferenz auf dem Demokratie-Tag Rheinland-Pfalz am 28. Oktober 2021<\/strong><br><br>In diesem Jahr waren wir als Jugendforum Mainz zum ersten Mal beim landesweiten Demokratie-Tag dabei. Der Demokratietag Rheinland-Pfalz 2021 war nicht nur deshalb ein besonderer f\u00fcr unser Jugendforum. Wir konnten&nbsp;dort den&nbsp;Start unseres bisher gr\u00f6\u00dften Projektes ank\u00fcndigen:<br><br><strong>Eine&nbsp;\u201eJugenddemokratiekonferenz\u201c&nbsp;f\u00fcr die Stadt Mainz<\/strong><br><br>Die Partizipationsm\u00f6glichkeiten der Mainzer Jugend&nbsp;in der Stadtpolitik&nbsp;sind leider kaum vorhanden und daher ist es unser Ziel, gute Beteiligungsm\u00f6glichkeiten f\u00fcr Jugendliche in der Stadt Mainz zu etablieren. Hierf\u00fcr m\u00f6chten wir 2022 eine \u201eJugenddemokratiekonferenz&#8220; f\u00fcr Mainz ins Leben rufen. Diese soll von Jugendlichen f\u00fcr Jugendliche organisiert werden und allen eine Plattform bieten, sich in ihrem Interessensbereich zu entfalten und eigene Ideen einzubringen: <strong>Wie sollte politische Partizipation in Zukunft aussehen und was brauchen wir in unserer Stadt, um uns zu beteiligen?<\/strong><br><br>Beim diesj\u00e4hrigen Demokratie-Tag haben wir hierf\u00fcr mit Interessierten und Vertretern der Stadt Mainz auf einer Demokratiekonferenz \u00fcber Umsetzungsm\u00f6glichkeiten und erste Planungen diskutiert. Wir freuen uns, dass unser Projekt einer \u201eJugenddemokratiekonferenz\u201d auf so gro\u00dfen Zuspruch gesto\u00dfen ist und uns R\u00fcckenwind f\u00fcr die kommende Zeit mitgegeben wurde. Mit neuer Motivation werden wir nun beginnen, ein Team auf die Beine zu stellen, welches die Organisation der Konferenz \u00fcbernehmen wird. Wir laden alle Interessierten herzlich ein, sich anzuschlie\u00dfen und freuen uns \u00fcber jede helfende Hand!<br> <br>Ob als Kooperationspartner, Organisator, Social-Media Manager oder Teilnehmer. Die T\u00fcren stehen allen offen! Wir laden alle Mainzer Jugendliche, Vereine, Vereinigungen, Parteien, Schulen und Verb\u00e4nde ein, mitzumachen und gemeinsam etwas auf die Beine zu stellen, was in Mainz so bisher noch nicht stattgefunden hat.&nbsp;&nbsp; &nbsp;&nbsp;<br><br>Komm, sei dabei, etwas&nbsp;Gro\u00dfes&nbsp;zu erschaffen und echte Ver\u00e4nderung herbeizuf\u00fchren!!!&nbsp;<br><br>Semih Zisan Cavlak<br><\/p>\n\n\n\n<figure class=\"wp-block-image is-resized\"><img loading=\"lazy\" decoding=\"async\" src=\"https:\/\/demokratietag-rlp.de\/wp-content\/uploads\/sites\/4\/2021\/06\/2020-06-14-demokratietag2021-sharepic-1200x480px-aktuell.jpg\" alt=\"\" width=\"838\" height=\"335\"\/><\/figure>\n\n\n\n<p class=\"has-text-align-center\">&nbsp;<\/p>\n\n\n\n<p><\/p>\n\n\n\n<p class=\"has-background\" style=\"background-color:#c3edf1\"><strong>GESTALTEN \u2013 AUSTAUSCHEN \u2013 MITMACHEN<br>Ein Nachbericht des ersten Jufo-Treffens am 8. Oktober 2020<\/strong><br><br>Als eine von sieben Teilnehmer*innen habe ich an der ersten Sitzung des Jugendforums am 8. Oktober 2020 teilgenommen. <strong>Die Idee eines Forums, in dem sich junge Menschen gemeinsam in ihrer Stadt und f\u00fcr ihre Mitmenschen engagieren k\u00f6nnen, finde ich sehr interessant.<\/strong> <br><br>Hier k\u00f6nnen wir uns untereinander austauschen und gemeinsam \u00fcberlegen, welche Projekte wir in unserer Stadt auf die Beine stellen m\u00f6chten. Mit dem Jugendforum bietet das Haus des Erinnerns allen Mainzer*innen zwischen vier und 27 Jahren die M\u00f6glichkeit, sich politisch und gesellschaftlich zu beteiligen. Durch die Unterst\u00fctzung der Mitarbeiter*innen des Haus des Erinnerns bei der Finanzierung und Planung k\u00f6nnen im JuFo eigene Projekte organisiert und umgesetzt werden.<br><br>Das Jugendforum musste von uns zun\u00e4chst offiziell gegr\u00fcndet werden. Daf\u00fcr haben wir eine gemeinsam eine eigene Gesch\u00e4ftsordnung erstellt. Sie enth\u00e4lt die Paragrafen zur Organisation des Jugendforums, zur Projektbewilligung sowie einige Regeln f\u00fcr den Austausch untereinander \u2013 <strong>schlie\u00dflich soll sich jede*r mit eigenen Ideen einbringen k\u00f6nnen<\/strong>. Danach folgte der kreative Teil der Sitzung. Wir haben uns \u00fcber erste m\u00f6gliche Projekte ausgetauscht und uns Gedanken gemacht, ob und inwiefern wir diese in den n\u00e4chsten Monaten bereits angehen k\u00f6nnten. Besonders wichtig war uns allen, dass mehr Mainzer*innen unterschiedlichen Alters vom Jugendforum erfahren und begeistert werden. Bedenken, dass sich das Jugendforum aufgrund der steigenden Infektionszahlen und strengeren Auflagen nicht treffen kann, wurde durch die Unterst\u00fctzung der Stiftung Haus des Erinnerns aus dem Weg ger\u00e4umt: Das Jugendforum findet auch in virtueller Form statt.<br><br><strong>Wer in Mainz mitmischen m\u00f6chte, ist hier genau richtig und herzlich eingeladen an der 2. virtuellen Sitzung am 2. Dezember um 17.00 Uhr teilzunehmen. <\/strong>Ich werde dabei sein und hoffe, dass wir schon \u00fcber erste Projektideen diskutieren k\u00f6nnen. Es gibt viel zu tun!<br><br>Jasmin Gr\u00f6ninger<\/p>\n\n\n\n<p><\/p>\n\n\n\n<figure class=\"wp-block-image size-large is-style-default\"><img loading=\"lazy\" decoding=\"async\" width=\"1024\" height=\"768\" src=\"https:\/\/www.haus-des-erinnerns-mainz.de\/wp-content\/uploads\/2020\/11\/20200929_140014-1024x768.jpg\" alt=\"\" class=\"wp-image-3085\" srcset=\"https:\/\/www.haus-des-erinnerns-mainz.de\/wp-content\/uploads\/2020\/11\/20200929_140014-1024x768.jpg 1024w, https:\/\/www.haus-des-erinnerns-mainz.de\/wp-content\/uploads\/2020\/11\/20200929_140014-300x225.jpg 300w, https:\/\/www.haus-des-erinnerns-mainz.de\/wp-content\/uploads\/2020\/11\/20200929_140014-768x576.jpg 768w, https:\/\/www.haus-des-erinnerns-mainz.de\/wp-content\/uploads\/2020\/11\/20200929_140014-1536x1152.jpg 1536w, https:\/\/www.haus-des-erinnerns-mainz.de\/wp-content\/uploads\/2020\/11\/20200929_140014-2048x1536.jpg 2048w, https:\/\/www.haus-des-erinnerns-mainz.de\/wp-content\/uploads\/2020\/11\/20200929_140014-150x113.jpg 150w\" sizes=\"auto, (max-width: 1024px) 100vw, 1024px\" \/><figcaption class=\"wp-element-caption\">JuFo-Vorbereitungstreffen im September 2020<\/figcaption><\/figure>\n","protected":false},"excerpt":{"rendered":"<p>Pressemitteilung: Ministerpr\u00e4sidentin Malu Dreyer und Innenminister Michael Ebling zu Gast beim Jugendforum Mainz am 2. Mai 2023 Am 2. Mai trafen sich sechs Jugendliche des Jugendforums Mainz mit Ministerpr\u00e4sidentin Malu Dreyer und Innenminister Michael Ebling im Haus des Erinnerns \u2013 f\u00fcr Demokratie und Akzeptanz Mainz. Zun\u00e4chst begr\u00fc\u00dfte die Leiterin des&#8230;<\/p>\n<p> <a class=\"continue-reading-link\" href=\"https:\/\/www.haus-des-erinnerns-mainz.de\/index.php\/projekte-ausstellungen\/projekte\/jugendforum\/berichte\/\"><span>Weiterlesen<\/span><i class=\"crycon-right-dir\"><\/i><\/a> <\/p>\n","protected":false},"author":4,"featured_media":0,"parent":2477,"menu_order":0,"comment_status":"closed","ping_status":"closed","template":"","meta":{"episode_type":"","audio_file":"","podmotor_file_id":"","podmotor_episode_id":"","cover_image":"","cover_image_id":"","duration":"","filesize":"","filesize_raw":"","date_recorded":"","explicit":"","block":"","ngg_post_thumbnail":0,"_price":"","_stock":"","_tribe_ticket_header":"","_tribe_default_ticket_provider":"","_tribe_ticket_capacity":"0","_ticket_start_date":"","_ticket_end_date":"","_tribe_ticket_show_description":"","_tribe_ticket_show_not_going":false,"_tribe_ticket_use_global_stock":"","_tribe_ticket_global_stock_level":"","_global_stock_mode":"","_global_stock_cap":"","_tribe_rsvp_for_event":"","_tribe_ticket_going_count":"","_tribe_ticket_not_going_count":"","_tribe_tickets_list":"[]","_tribe_ticket_has_attendee_info_fields":false,"footnotes":"","_tec_slr_enabled":"","_tec_slr_layout":""},"class_list":["post-3078","page","type-page","status-publish","hentry"],"ticketed":false,"_links":{"self":[{"href":"https:\/\/www.haus-des-erinnerns-mainz.de\/index.php\/wp-json\/wp\/v2\/pages\/3078","targetHints":{"allow":["GET"]}}],"collection":[{"href":"https:\/\/www.haus-des-erinnerns-mainz.de\/index.php\/wp-json\/wp\/v2\/pages"}],"about":[{"href":"https:\/\/www.haus-des-erinnerns-mainz.de\/index.php\/wp-json\/wp\/v2\/types\/page"}],"author":[{"embeddable":true,"href":"https:\/\/www.haus-des-erinnerns-mainz.de\/index.php\/wp-json\/wp\/v2\/users\/4"}],"replies":[{"embeddable":true,"href":"https:\/\/www.haus-des-erinnerns-mainz.de\/index.php\/wp-json\/wp\/v2\/comments?post=3078"}],"version-history":[{"count":14,"href":"https:\/\/www.haus-des-erinnerns-mainz.de\/index.php\/wp-json\/wp\/v2\/pages\/3078\/revisions"}],"predecessor-version":[{"id":6142,"href":"https:\/\/www.haus-des-erinnerns-mainz.de\/index.php\/wp-json\/wp\/v2\/pages\/3078\/revisions\/6142"}],"up":[{"embeddable":true,"href":"https:\/\/www.haus-des-erinnerns-mainz.de\/index.php\/wp-json\/wp\/v2\/pages\/2477"}],"wp:attachment":[{"href":"https:\/\/www.haus-des-erinnerns-mainz.de\/index.php\/wp-json\/wp\/v2\/media?parent=3078"}],"curies":[{"name":"wp","href":"https:\/\/api.w.org\/{rel}","templated":true}]}}