{"id":15,"date":"2019-06-04T22:31:50","date_gmt":"2019-06-04T20:31:50","guid":{"rendered":"https:\/\/hausdeserinnerns.wordpress.com\/?page_id=15"},"modified":"2025-05-26T14:50:29","modified_gmt":"2025-05-26T12:50:29","slug":"veranstaltungen","status":"publish","type":"page","link":"https:\/\/www.haus-des-erinnerns-mainz.de\/index.php\/veranstaltungen\/","title":{"rendered":"Aktuelles und Veranstaltungen"},"content":{"rendered":"\n<br>\n\n\n\n<p>Im \u201eHaus des Erinnerns \u2013 f\u00fcr Demokratie und Akzeptanz Mainz\u201c leisten wir Bildungsarbeit f\u00fcr Jugendliche und Erwachsene, um allen extremistischen, insbesondere neofaschistischen Str\u00f6mungen entgegenzuwirken und die Entwicklung eines demokratischen Bewusstseins zu f\u00f6rdern. <\/p>\n\n\n\n<p>In  unserem Lern- und Erinnerungsort finden regelm\u00e4\u00dfig Vortr\u00e4ge, Buchbesprechungen und Diskussionen zu wechselnden Themen statt. Wir freuen uns, Sie bei unseren Veranstaltungen begr\u00fc\u00dfen zu d\u00fcrfen. <\/p>\n\n\n\n<p><strong><a href=\"https:\/\/www.haus-des-erinnerns-mainz.de\/index.php\/veranstaltungen\/aktuelles\/\">Hier<\/a> <\/strong>gelangen Sie zu allen <strong>Neuigkeiten und aktuellen Meldungen<\/strong> aus dem Haus des Erinnerns \u2013 f\u00fcr Demokratie und Akzeptanz Mainz. <\/p>\n\n\n\n<p>Zum aktuellen <strong>Veranstaltungsprogramm <\/strong>gelangen Sie <strong><a href=\"https:\/\/www.haus-des-erinnerns-mainz.de\/index.php\/veranstaltungsprogramm\/\">hier<\/a><\/strong>. <\/p>\n\n\n\nngg_shortcode_0_placeholder\n\n\n\n<p><\/p>\n","protected":false},"excerpt":{"rendered":"<p>Im \u201eHaus des Erinnerns \u2013 f\u00fcr Demokratie und Akzeptanz Mainz\u201c leisten wir Bildungsarbeit f\u00fcr Jugendliche und Erwachsene, um allen extremistischen, insbesondere neofaschistischen Str\u00f6mungen entgegenzuwirken und die Entwicklung eines demokratischen Bewusstseins zu f\u00f6rdern. In unserem Lern- und Erinnerungsort finden regelm\u00e4\u00dfig Vortr\u00e4ge, Buchbesprechungen und Diskussionen zu wechselnden Themen statt. Wir freuen uns,&#8230;<\/p>\n<p> <a class=\"continue-reading-link\" href=\"https:\/\/www.haus-des-erinnerns-mainz.de\/index.php\/veranstaltungen\/\"><span>Weiterlesen<\/span><i class=\"crycon-right-dir\"><\/i><\/a> <\/p>\n","protected":false},"author":1,"featured_media":684,"parent":0,"menu_order":0,"comment_status":"closed","ping_status":"closed","template":"","meta":{"episode_type":"","audio_file":"","podmotor_file_id":"","podmotor_episode_id":"","cover_image":"","cover_image_id":"","duration":"","filesize":"","filesize_raw":"","date_recorded":"","explicit":"","block":"","ngg_post_thumbnail":0,"_price":"","_stock":"","_tribe_ticket_header":"","_tribe_default_ticket_provider":"","_tribe_ticket_capacity":"0","_ticket_start_date":"","_ticket_end_date":"","_tribe_ticket_show_description":"","_tribe_ticket_show_not_going":false,"_tribe_ticket_use_global_stock":"","_tribe_ticket_global_stock_level":"","_global_stock_mode":"","_global_stock_cap":"","_tribe_rsvp_for_event":"","_tribe_ticket_going_count":"","_tribe_ticket_not_going_count":"","_tribe_tickets_list":"[]","_tribe_ticket_has_attendee_info_fields":false,"footnotes":"","_tec_slr_enabled":"","_tec_slr_layout":""},"class_list":["post-15","page","type-page","status-publish","has-post-thumbnail","hentry"],"ticketed":false,"_links":{"self":[{"href":"https:\/\/www.haus-des-erinnerns-mainz.de\/index.php\/wp-json\/wp\/v2\/pages\/15","targetHints":{"allow":["GET"]}}],"collection":[{"href":"https:\/\/www.haus-des-erinnerns-mainz.de\/index.php\/wp-json\/wp\/v2\/pages"}],"about":[{"href":"https:\/\/www.haus-des-erinnerns-mainz.de\/index.php\/wp-json\/wp\/v2\/types\/page"}],"author":[{"embeddable":true,"href":"https:\/\/www.haus-des-erinnerns-mainz.de\/index.php\/wp-json\/wp\/v2\/users\/1"}],"replies":[{"embeddable":true,"href":"https:\/\/www.haus-des-erinnerns-mainz.de\/index.php\/wp-json\/wp\/v2\/comments?post=15"}],"version-history":[{"count":35,"href":"https:\/\/www.haus-des-erinnerns-mainz.de\/index.php\/wp-json\/wp\/v2\/pages\/15\/revisions"}],"predecessor-version":[{"id":7905,"href":"https:\/\/www.haus-des-erinnerns-mainz.de\/index.php\/wp-json\/wp\/v2\/pages\/15\/revisions\/7905"}],"wp:featuredmedia":[{"embeddable":true,"href":"https:\/\/www.haus-des-erinnerns-mainz.de\/index.php\/wp-json\/wp\/v2\/media\/684"}],"wp:attachment":[{"href":"https:\/\/www.haus-des-erinnerns-mainz.de\/index.php\/wp-json\/wp\/v2\/media?parent=15"}],"curies":[{"name":"wp","href":"https:\/\/api.w.org\/{rel}","templated":true}]}}